{"id":88,"date":"2020-04-14T09:37:27","date_gmt":"2020-04-14T07:37:27","guid":{"rendered":"http:\/\/cafedelespace.com\/?page_id=88"},"modified":"2025-04-03T12:40:45","modified_gmt":"2025-04-03T10:40:45","slug":"un-bistrot-de-village","status":"publish","type":"page","link":"https:\/\/cafedelespace.com\/index.php\/les-services\/un-bistrot-de-village\/","title":{"rendered":"Un Bistrot de village"},"content":{"rendered":"\t\t<div data-elementor-type=\"wp-page\" data-elementor-id=\"88\" class=\"elementor elementor-88\">\n\t\t\t\t\t\t<section class=\"elementor-section elementor-top-section elementor-element elementor-element-914d861 elementor-section-boxed elementor-section-height-default elementor-section-height-default\" data-id=\"914d861\" data-element_type=\"section\" data-e-type=\"section\">\n\t\t\t\t\t\t<div class=\"elementor-container elementor-column-gap-default\">\n\t\t\t\t\t<div class=\"elementor-column elementor-col-100 elementor-top-column elementor-element elementor-element-5f54e98\" data-id=\"5f54e98\" data-element_type=\"column\" data-e-type=\"column\">\n\t\t\t<div class=\"elementor-widget-wrap elementor-element-populated\">\n\t\t\t\t\t\t<div class=\"elementor-element elementor-element-005a7c8 elementor-widget elementor-widget-text-editor\" data-id=\"005a7c8\" data-element_type=\"widget\" data-e-type=\"widget\" data-widget_type=\"text-editor.default\">\n\t\t\t\t<div class=\"elementor-widget-container\">\n\t\t\t\t\t\t\t\t\t<h5 align=\"justify\"><em>Le Caf\u00e9 de l&rsquo;Espace est un lieu o\u00f9 vous pouvez venir \u00e0 tout moment pour boire un verre, discuter tout en profitant des jeux mis \u00e0 disposition. Tout au long de l&rsquo;ann\u00e9e sont organis\u00e9es des soir\u00e9es \u00e0 th\u00e8me, des animations pour faire vivre le caf\u00e9 et le village lorsqu\u2019il n&rsquo;y a pas de concerts, spectacles etc.<\/em><\/h5><p>\u00a0<\/p>\t\t\t\t\t\t\t\t<\/div>\n\t\t\t\t<\/div>\n\t\t\t\t\t<\/div>\n\t\t<\/div>\n\t\t\t\t\t<\/div>\n\t\t<\/section>\n\t\t\t\t<section class=\"elementor-section elementor-top-section elementor-element elementor-element-1fccb48 elementor-section-boxed elementor-section-height-default elementor-section-height-default\" data-id=\"1fccb48\" data-element_type=\"section\" data-e-type=\"section\">\n\t\t\t\t\t\t<div class=\"elementor-container elementor-column-gap-default\">\n\t\t\t\t\t<div class=\"elementor-column elementor-col-100 elementor-top-column elementor-element elementor-element-885fda3\" data-id=\"885fda3\" data-element_type=\"column\" data-e-type=\"column\">\n\t\t\t<div class=\"elementor-widget-wrap elementor-element-populated\">\n\t\t\t\t\t\t<div class=\"elementor-element elementor-element-360341c elementor-widget elementor-widget-text-editor\" data-id=\"360341c\" data-element_type=\"widget\" data-e-type=\"widget\" data-widget_type=\"text-editor.default\">\n\t\t\t\t<div class=\"elementor-widget-container\">\n\t\t\t\t\t\t\t\t\t<div data-id=\"ff9e5e7\" data-element_type=\"widget\" data-widget_type=\"text-editor.default\"><div><div><p align=\"justify\">Un espace de reprographie est \u00e0 disposition \u00e0<br \/>l\u2019\u00e9tage. Imprimante et scanner professionnels, mat\u00e9riels de reliure de<br \/>documents. L\u2019impression est factur\u00e9e :<\/p><\/div><\/div><\/div><div data-id=\"d151a0b\" data-element_type=\"widget\" data-widget_type=\"icon-list.default\"><div><ul><li>A4 N&amp;B : 0,20\u20ac<\/li><li>A4 Couleur : 0,30\u20ac<\/li><li>A3 N&amp;B : 0,40\u20ac<\/li><li>A3 Couleur : 0,60\u20ac<\/li><\/ul><\/div><\/div><section data-id=\"1fd5ba8\" data-element_type=\"section\"><div><div><div data-id=\"86c77b5\" data-element_type=\"column\"><div><div><div data-id=\"26b7f16\" data-element_type=\"widget\" data-widget_type=\"text-editor.default\"><div><div><p align=\"justify\">Sur demande, nous pouvons vous accompagner dans vos d\u00e9marches num\u00e9riques et\/ou vous orienter vers les partenaires sociaux \u00e0 m\u00eame de vous venir en aide.<\/p><\/div><\/div><\/div><\/div><\/div><\/div><\/div><\/div><\/section>\t\t\t\t\t\t\t\t<\/div>\n\t\t\t\t<\/div>\n\t\t\t\t\t<\/div>\n\t\t<\/div>\n\t\t\t\t\t<\/div>\n\t\t<\/section>\n\t\t\t\t<section class=\"elementor-section elementor-top-section elementor-element elementor-element-eebc4e6 elementor-section-boxed elementor-section-height-default elementor-section-height-default\" data-id=\"eebc4e6\" data-element_type=\"section\" data-e-type=\"section\">\n\t\t\t\t\t\t<div class=\"elementor-container elementor-column-gap-default\">\n\t\t\t\t\t<div class=\"elementor-column elementor-col-100 elementor-top-column elementor-element elementor-element-b9c0d83\" data-id=\"b9c0d83\" data-element_type=\"column\" data-e-type=\"column\">\n\t\t\t<div class=\"elementor-widget-wrap elementor-element-populated\">\n\t\t\t\t\t\t<div class=\"elementor-element elementor-element-14364ae elementor-widget elementor-widget-heading\" data-id=\"14364ae\" data-element_type=\"widget\" data-e-type=\"widget\" data-widget_type=\"heading.default\">\n\t\t\t\t<div class=\"elementor-widget-container\">\n\t\t\t\t\t<h2 class=\"elementor-heading-title elementor-size-default\">L'Agence Postale Communale<\/h2>\t\t\t\t<\/div>\n\t\t\t\t<\/div>\n\t\t\t\t\t<\/div>\n\t\t<\/div>\n\t\t\t\t\t<\/div>\n\t\t<\/section>\n\t\t\t\t<section class=\"elementor-section elementor-top-section elementor-element elementor-element-4060e9f elementor-section-boxed elementor-section-height-default elementor-section-height-default\" data-id=\"4060e9f\" data-element_type=\"section\" data-e-type=\"section\">\n\t\t\t\t\t\t<div class=\"elementor-container elementor-column-gap-default\">\n\t\t\t\t\t<div class=\"elementor-column elementor-col-100 elementor-top-column elementor-element elementor-element-b8295c1\" data-id=\"b8295c1\" data-element_type=\"column\" data-e-type=\"column\">\n\t\t\t<div class=\"elementor-widget-wrap elementor-element-populated\">\n\t\t\t\t\t\t<div class=\"elementor-element elementor-element-c35a8c4 elementor-widget elementor-widget-text-editor\" data-id=\"c35a8c4\" data-element_type=\"widget\" data-e-type=\"widget\" data-widget_type=\"text-editor.default\">\n\t\t\t\t<div class=\"elementor-widget-container\">\n\t\t\t\t\t\t\t\t\t<section data-id=\"7cf2974\" data-element_type=\"section\">\n<div>\n<div>\n<div data-id=\"a630cf0\" data-element_type=\"column\">\n<div>\n<div>\n<div data-id=\"c6731b9\" data-element_type=\"widget\" data-widget_type=\"text-editor.default\">\n<div>\n<div>\n<p align=\"justify\"><em>Le groupe La Poste dans le cadre de sa mission d\u2019int\u00e9r\u00eat g\u00e9n\u00e9ral de contribution \u00e0 l\u2019am\u00e9nagement du territoire a<br>souhait\u00e9 s\u2019adapter et proposer des bouquets de services sous forme partenariale au plus pr\u00e8s des projets locaux.<\/em> <span style=\"color: #000000;\">C\u2019est<br>ainsi que depuis Septembre 2018, l\u2019EAAF a sign\u00e9 une convention avec le groupe La Poste afin d\u2019assurer la tenue d\u2019un relais postal, d\u00e9nomm\u00e9 LaPoste relais ESS Services +.<\/span><\/p>\n<section class=\"elementor-section elementor-top-section elementor-element elementor-element-b67e1f8 elementor-section-boxed elementor-section-height-default elementor-section-height-default\" data-id=\"b67e1f8\" data-element_type=\"section\">\n<div class=\"elementor-container elementor-column-gap-default\">\n<div class=\"elementor-row\">\n<div class=\"elementor-column elementor-col-100 elementor-top-column elementor-element elementor-element-0903247\" data-id=\"0903247\" data-element_type=\"column\">\n<div class=\"elementor-column-wrap elementor-element-populated\">\n<div class=\"elementor-widget-wrap\">\n<div class=\"elementor-element elementor-element-9802594 elementor-widget elementor-widget-text-editor\" data-id=\"9802594\" data-element_type=\"widget\" data-widget_type=\"text-editor.default\">\n<div class=\"elementor-widget-container\">\n<div class=\"elementor-text-editor elementor-clearfix\">\n<p align=\"justify\">Cela a permis d\u2019assurer la continuit\u00e9 d\u2019un service qui allait dispara\u00eetre \u00e0 Flayat. L\u2019ouverture officielle a eu lieu le 4 septembre en pr\u00e9sence du Pr\u00e9sident de R\u00e9gion Alain Rousset et des repr\u00e9sentants officiels du groupe La Poste.<\/p>\n<p align=\"justify\">Le guichet est install\u00e9 au Caf\u00e9 de l\u2019Espace, dans un local attenant mais s\u00e9par\u00e9 de la partie \u00ab&nbsp;bar\/concert\/animations&nbsp;\u00bb, avec une amplitude horaire plus large tout en gardant les services postaux localement.<\/p>\n<p align=\"justify\">Horaires d&rsquo;ouverture:<\/p>\n<ul>\n<li>Mardi: 10h-12h et 14h-17h<\/li>\n<li>Mercredi: 10h-12h et 14h-17h<\/li>\n<li>Jeudi: 10h-12h et 14h-17h<\/li>\n<li>Vendredi: 14h-17h<\/li>\n<\/ul>\n<p align=\"justify\">\n<\/p><\/div>\n<\/div>\n<\/div>\n<\/div>\n<\/div>\n<\/div>\n<\/div>\n<\/div>\n<\/section>\n<section class=\"elementor-section elementor-top-section elementor-element elementor-element-1174434 elementor-section-boxed elementor-section-height-default elementor-section-height-default\" data-id=\"1174434\" data-element_type=\"section\">\n<div class=\"elementor-container elementor-column-gap-default\">\n<div class=\"elementor-row\">\n<div class=\"elementor-column elementor-col-100 elementor-top-column elementor-element elementor-element-5e3833f\" data-id=\"5e3833f\" data-element_type=\"column\">\n<div class=\"elementor-column-wrap elementor-element-populated\">\n<div class=\"elementor-widget-wrap\">\n<div class=\"elementor-element elementor-element-291a9ca elementor-icon-list--layout-traditional elementor-list-item-link-full_width elementor-widget elementor-widget-icon-list\" data-id=\"291a9ca\" data-element_type=\"widget\" data-widget_type=\"icon-list.default\">\n<div class=\"elementor-widget-container\">\n<ul class=\"elementor-icon-list-items\">\n<li class=\"elementor-icon-list-item\"><br><span class=\"elementor-icon-list-text\"><\/span><\/li><li class=\"elementor-icon-list-item\"><br><span class=\"elementor-icon-list-text\"><\/span><\/li><li class=\"elementor-icon-list-item\"><span class=\"elementor-icon-list-text\">Vente de timbres et affranchissement de courrier et colis.<\/span><\/li>\n<li class=\"elementor-icon-list-item\"><span class=\"elementor-icon-list-text\">D\u00e9pannage financier&nbsp;La Banque Postale : D\u00e9p\u00f4t d&rsquo;argent, retrait d&rsquo;argent jusqu\u2019\u00e0 500\u20ac \/ semaine<\/span><\/li>\n<li class=\"elementor-icon-list-item\"><span class=\"elementor-icon-list-text\">D\u00e9p\u00f4t de ch\u00e8que <\/span><\/li>\n<li class=\"elementor-icon-list-item\"><span class=\"elementor-icon-list-text\">Vente de colis<\/span><\/li>\n<li class=\"elementor-icon-list-item\"><span class=\"elementor-icon-list-text\">Vente d\u2019autres produits La Poste (philat\u00e9lie, pi\u00e8ces de collection, etc)<\/span><\/li>\n<\/ul>\n<\/div>\n<\/div>\n<\/div>\n<\/div>\n<\/div>\n<\/div>\n<\/div>\n<\/section>\n<section class=\"elementor-section elementor-top-section elementor-element elementor-element-1174434 elementor-section-boxed elementor-section-height-default elementor-section-height-default\" data-id=\"1174434\" data-element_type=\"section\">\n<div class=\"elementor-container elementor-column-gap-default\">\n<div class=\"elementor-row\">\n<div class=\"elementor-column elementor-col-100 elementor-top-column elementor-element elementor-element-5e3833f\" data-id=\"5e3833f\" data-element_type=\"column\">\n<div class=\"elementor-column-wrap elementor-element-populated\">\n<div class=\"elementor-widget-wrap\">\n<div class=\"elementor-element elementor-element-291a9ca elementor-icon-list--layout-traditional elementor-list-item-link-full_width elementor-widget elementor-widget-icon-list\" data-id=\"291a9ca\" data-element_type=\"widget\" data-widget_type=\"icon-list.default\">\n<div class=\"elementor-widget-container\">&nbsp;<\/div>\n<\/div>\n<\/div>\n<\/div>\n<\/div>\n<\/div>\n<\/div>\n<\/section>\n<section class=\"elementor-section elementor-top-section elementor-element elementor-element-919a6f4 elementor-section-boxed elementor-section-height-default elementor-section-height-default\" data-id=\"919a6f4\" data-element_type=\"section\">\n<div class=\"elementor-container elementor-column-gap-default\">\n<div class=\"elementor-row\">\n<div class=\"elementor-column elementor-col-100 elementor-top-column elementor-element elementor-element-bc5cb0c\" data-id=\"bc5cb0c\" data-element_type=\"column\">\n<div class=\"elementor-column-wrap elementor-element-populated\">\n<div class=\"elementor-widget-wrap\">\n<div class=\"elementor-element elementor-element-494bcdd elementor-widget elementor-widget-text-editor\" data-id=\"494bcdd\" data-element_type=\"widget\" data-widget_type=\"text-editor.default\">\n<div class=\"elementor-widget-container\">\n<div class=\"elementor-text-editor elementor-clearfix\">\n<p align=\"justify\"><span style=\"font-family: Arial, sans-serif;\"><span style=\"font-size: big;\"><strong><span style=\"text-decoration: underline;\">A noter<\/span> :<\/strong> Nous ne sommes ni une Banque Postale ni une agence postale mais bien un Relais La Poste : certaines actions ne peuvent \u00eatre r\u00e9alis\u00e9es aupr\u00e8s de nous et nous n\u2019avons pas acc\u00e8s \u00e0 vos comptes.<\/span><\/span><\/p>\n<\/div>\n<\/div>\n<\/div>\n<\/div>\n<\/div>\n<\/div>\n<\/div>\n<\/div>\n<\/section>\n<p align=\"justify\">\n<\/p><\/div>\n<\/div>\n<\/div>\n<\/div>\n<\/div>\n<\/div>\n<\/div>\n<\/div>\n<\/section>\t\t\t\t\t\t\t\t<\/div>\n\t\t\t\t<\/div>\n\t\t\t\t\t<\/div>\n\t\t<\/div>\n\t\t\t\t\t<\/div>\n\t\t<\/section>\n\t\t\t\t<section class=\"elementor-section elementor-top-section elementor-element elementor-element-dbf5f9b elementor-section-boxed elementor-section-height-default elementor-section-height-default\" data-id=\"dbf5f9b\" data-element_type=\"section\" data-e-type=\"section\">\n\t\t\t\t\t\t<div class=\"elementor-container elementor-column-gap-default\">\n\t\t\t\t\t<div class=\"elementor-column elementor-col-100 elementor-top-column elementor-element elementor-element-691d22f\" data-id=\"691d22f\" data-element_type=\"column\" data-e-type=\"column\">\n\t\t\t<div class=\"elementor-widget-wrap elementor-element-populated\">\n\t\t\t\t\t\t<div class=\"elementor-element elementor-element-6eb4ff3 elementor-widget elementor-widget-text-editor\" data-id=\"6eb4ff3\" data-element_type=\"widget\" data-e-type=\"widget\" data-widget_type=\"text-editor.default\">\n\t\t\t\t<div class=\"elementor-widget-container\">\n\t\t\t\t\t\t\t\t\t<p><strong><span style=\"font-family: Arial, sans-serif;\"><span style=\"font-size: medium;\">Ressources pour les familles :<\/span><\/span><\/strong><\/p><p><span style=\"font-family: Arial, sans-serif;\"><span style=\"font-size: medium;\">Nous sommes en mesure de vous mettre en relation avec des professionnels de la petite enfance, de l\u2019enfance et de la jeunesse, avec des structures de loisirs mais \u00e9galement de vous pr\u00e9senter le maillage scolaire.<\/span><\/span><\/p><p><strong><span style=\"font-family: Arial, sans-serif;\"><span style=\"font-size: medium;\">Ressources pour les jeunes :<\/span><\/span><\/strong><\/p><p><span style=\"font-family: Arial, sans-serif;\"><span style=\"font-size: medium;\">Nous pouvons vous renseigner, ou vous mettre en relation avec des professionnels ad\u00e9quats, pour des questions d\u2019orientation scolaire et professionnelles, de loisirs, d\u2019acc\u00e8s aux droits, de mobilit\u00e9 nationale et internationale.<\/span><\/span><\/p><p><strong><span style=\"font-family: Arial, sans-serif;\"><span style=\"font-size: medium;\">Ressources pour les particuliers :<\/span><\/span><\/strong><\/p><div style=\"display: block;\" role=\"tabpanel\" data-tab=\"3\" aria-labelledby=\"elementor-tab-title-2543\"><p align=\"justify\"><span style=\"font-family: Arial, sans-serif;\"><span style=\"font-size: medium;\">Questions de formation, d\u2019acc\u00e8s aux droits, de soutien social, de loisirs et de culture, soutien aux initiatives citoyennes.<\/span><\/span><\/p><p align=\"justify\"><strong><span style=\"font-family: Arial, sans-serif;\"><span style=\"font-size: medium;\">Ressources touristiques et culturelles :<\/span><\/span><\/strong><\/p><div id=\"elementor-tab-content-2544\" class=\"elementor-tab-content elementor-clearfix elementor-active\" style=\"display: block;\" role=\"tabpanel\" data-tab=\"4\" aria-labelledby=\"elementor-tab-title-2544\"><p align=\"justify\"><span style=\"font-family: Arial, sans-serif;\"><span style=\"font-size: medium;\">Plusieurs mairies, collectivit\u00e9s et offices de tourisme, associations et sc\u00e8nes de spectacles nous font confiance pour mettre \u00e0 disposition et promouvoir les ressources fabuleuses de notre territoire\u00a0: retrouvez cartes de randonn\u00e9e, programmation de salles de spectacles et affiches d\u2019\u00e9v\u00e8nements associatifs dans nos locaux.<\/span><\/span><\/p><\/div><p align=\"justify\">\u00a0<\/p><\/div><p>\u00a0<\/p><p><span style=\"font-family: Arial, sans-serif;\"><span style=\"font-size: medium;\">\u00a0<\/span><\/span><\/p>\t\t\t\t\t\t\t\t<\/div>\n\t\t\t\t<\/div>\n\t\t\t\t\t<\/div>\n\t\t<\/div>\n\t\t\t\t\t<\/div>\n\t\t<\/section>\n\t\t\t\t<\/div>\n\t\t","protected":false},"excerpt":{"rendered":"<p>Le Caf\u00e9 de l&rsquo;Espace est un lieu o\u00f9 vous pouvez venir \u00e0 tout moment pour boire un verre, discuter tout en profitant des jeux mis \u00e0 disposition. Tout au long de l&rsquo;ann\u00e9e sont organis\u00e9es des soir\u00e9es \u00e0 th\u00e8me, des animations pour faire vivre le caf\u00e9 et le village lorsqu\u2019il n&rsquo;y a pas de concerts, spectacles &hellip; <\/p>\n","protected":false},"author":2,"featured_media":0,"parent":82,"menu_order":0,"comment_status":"closed","ping_status":"closed","template":"","meta":{"footnotes":""},"class_list":["post-88","page","type-page","status-publish","hentry","latest_post"],"yoast_head":"<!-- This site is optimized with the Yoast SEO plugin v27.2 - https:\/\/yoast.com\/product\/yoast-seo-wordpress\/ -->\n<title>Un Bistrot de village &#8212; Le Caf\u00e9 de l&#039;Espace<\/title>\n<meta name=\"robots\" content=\"index, follow, max-snippet:-1, max-image-preview:large, max-video-preview:-1\" \/>\n<link rel=\"canonical\" href=\"https:\/\/cafedelespace.com\/index.php\/les-services\/un-bistrot-de-village\/\" \/>\n<meta property=\"og:locale\" content=\"fr_FR\" \/>\n<meta property=\"og:type\" content=\"article\" \/>\n<meta property=\"og:title\" content=\"Un Bistrot de village &#8212; Le Caf\u00e9 de l&#039;Espace\" \/>\n<meta property=\"og:description\" content=\"Le Caf\u00e9 de l&rsquo;Espace est un lieu o\u00f9 vous pouvez venir \u00e0 tout moment pour boire un verre, discuter tout en profitant des jeux mis \u00e0 disposition. Tout au long de l&rsquo;ann\u00e9e sont organis\u00e9es des soir\u00e9es \u00e0 th\u00e8me, des animations pour faire vivre le caf\u00e9 et le village lorsqu\u2019il n&rsquo;y a pas de concerts, spectacles &hellip;\" \/>\n<meta property=\"og:url\" content=\"https:\/\/cafedelespace.com\/index.php\/les-services\/un-bistrot-de-village\/\" \/>\n<meta property=\"og:site_name\" content=\"Le Caf\u00e9 de l&#039;Espace\" \/>\n<meta property=\"article:publisher\" content=\"https:\/\/www.facebook.com\/Cafe.de.lEspace\/\" \/>\n<meta property=\"article:modified_time\" content=\"2025-04-03T10:40:45+00:00\" \/>\n<meta name=\"twitter:card\" content=\"summary_large_image\" \/>\n<meta name=\"twitter:label1\" content=\"Dur\u00e9e de lecture estim\u00e9e\" \/>\n\t<meta name=\"twitter:data1\" content=\"3 minutes\" \/>\n<script type=\"application\/ld+json\" class=\"yoast-schema-graph\">{\"@context\":\"https:\/\/schema.org\",\"@graph\":[{\"@type\":\"WebPage\",\"@id\":\"https:\/\/cafedelespace.com\/index.php\/les-services\/un-bistrot-de-village\/\",\"url\":\"https:\/\/cafedelespace.com\/index.php\/les-services\/un-bistrot-de-village\/\",\"name\":\"Un Bistrot de village &#8212; Le Caf\u00e9 de l&#039;Espace\",\"isPartOf\":{\"@id\":\"https:\/\/cafedelespace.com\/#website\"},\"datePublished\":\"2020-04-14T07:37:27+00:00\",\"dateModified\":\"2025-04-03T10:40:45+00:00\",\"breadcrumb\":{\"@id\":\"https:\/\/cafedelespace.com\/index.php\/les-services\/un-bistrot-de-village\/#breadcrumb\"},\"inLanguage\":\"fr-FR\",\"potentialAction\":[{\"@type\":\"ReadAction\",\"target\":[\"https:\/\/cafedelespace.com\/index.php\/les-services\/un-bistrot-de-village\/\"]}]},{\"@type\":\"BreadcrumbList\",\"@id\":\"https:\/\/cafedelespace.com\/index.php\/les-services\/un-bistrot-de-village\/#breadcrumb\",\"itemListElement\":[{\"@type\":\"ListItem\",\"position\":1,\"name\":\"Accueil\",\"item\":\"https:\/\/cafedelespace.com\/\"},{\"@type\":\"ListItem\",\"position\":2,\"name\":\"Les Services\",\"item\":\"https:\/\/cafedelespace.com\/index.php\/les-services\/\"},{\"@type\":\"ListItem\",\"position\":3,\"name\":\"Un Bistrot de village\"}]},{\"@type\":\"WebSite\",\"@id\":\"https:\/\/cafedelespace.com\/#website\",\"url\":\"https:\/\/cafedelespace.com\/\",\"name\":\"Le Caf\u00e9 de l Espace - Espace Associatif Alain Fauriaux\",\"description\":\"Espace Associatif Alain Fauriaux\",\"publisher\":{\"@id\":\"https:\/\/cafedelespace.com\/#organization\"},\"potentialAction\":[{\"@type\":\"SearchAction\",\"target\":{\"@type\":\"EntryPoint\",\"urlTemplate\":\"https:\/\/cafedelespace.com\/?s={search_term_string}\"},\"query-input\":{\"@type\":\"PropertyValueSpecification\",\"valueRequired\":true,\"valueName\":\"search_term_string\"}}],\"inLanguage\":\"fr-FR\"},{\"@type\":\"Organization\",\"@id\":\"https:\/\/cafedelespace.com\/#organization\",\"name\":\"Caf\u00e9 de l'Espace\",\"url\":\"https:\/\/cafedelespace.com\/\",\"logo\":{\"@type\":\"ImageObject\",\"inLanguage\":\"fr-FR\",\"@id\":\"https:\/\/cafedelespace.com\/#\/schema\/logo\/image\/\",\"url\":\"https:\/\/cafedelespace.com\/wp-content\/uploads\/2020\/04\/logo-peinture.png\",\"contentUrl\":\"https:\/\/cafedelespace.com\/wp-content\/uploads\/2020\/04\/logo-peinture.png\",\"width\":500,\"height\":500,\"caption\":\"Caf\u00e9 de l'Espace\"},\"image\":{\"@id\":\"https:\/\/cafedelespace.com\/#\/schema\/logo\/image\/\"},\"sameAs\":[\"https:\/\/www.facebook.com\/Cafe.de.lEspace\/\"]}]}<\/script>\n<!-- \/ Yoast SEO plugin. -->","yoast_head_json":{"title":"Un Bistrot de village &#8212; Le Caf\u00e9 de l&#039;Espace","robots":{"index":"index","follow":"follow","max-snippet":"max-snippet:-1","max-image-preview":"max-image-preview:large","max-video-preview":"max-video-preview:-1"},"canonical":"https:\/\/cafedelespace.com\/index.php\/les-services\/un-bistrot-de-village\/","og_locale":"fr_FR","og_type":"article","og_title":"Un Bistrot de village &#8212; Le Caf\u00e9 de l&#039;Espace","og_description":"Le Caf\u00e9 de l&rsquo;Espace est un lieu o\u00f9 vous pouvez venir \u00e0 tout moment pour boire un verre, discuter tout en profitant des jeux mis \u00e0 disposition. Tout au long de l&rsquo;ann\u00e9e sont organis\u00e9es des soir\u00e9es \u00e0 th\u00e8me, des animations pour faire vivre le caf\u00e9 et le village lorsqu\u2019il n&rsquo;y a pas de concerts, spectacles &hellip;","og_url":"https:\/\/cafedelespace.com\/index.php\/les-services\/un-bistrot-de-village\/","og_site_name":"Le Caf\u00e9 de l&#039;Espace","article_publisher":"https:\/\/www.facebook.com\/Cafe.de.lEspace\/","article_modified_time":"2025-04-03T10:40:45+00:00","twitter_card":"summary_large_image","twitter_misc":{"Dur\u00e9e de lecture estim\u00e9e":"3 minutes"},"schema":{"@context":"https:\/\/schema.org","@graph":[{"@type":"WebPage","@id":"https:\/\/cafedelespace.com\/index.php\/les-services\/un-bistrot-de-village\/","url":"https:\/\/cafedelespace.com\/index.php\/les-services\/un-bistrot-de-village\/","name":"Un Bistrot de village &#8212; Le Caf\u00e9 de l&#039;Espace","isPartOf":{"@id":"https:\/\/cafedelespace.com\/#website"},"datePublished":"2020-04-14T07:37:27+00:00","dateModified":"2025-04-03T10:40:45+00:00","breadcrumb":{"@id":"https:\/\/cafedelespace.com\/index.php\/les-services\/un-bistrot-de-village\/#breadcrumb"},"inLanguage":"fr-FR","potentialAction":[{"@type":"ReadAction","target":["https:\/\/cafedelespace.com\/index.php\/les-services\/un-bistrot-de-village\/"]}]},{"@type":"BreadcrumbList","@id":"https:\/\/cafedelespace.com\/index.php\/les-services\/un-bistrot-de-village\/#breadcrumb","itemListElement":[{"@type":"ListItem","position":1,"name":"Accueil","item":"https:\/\/cafedelespace.com\/"},{"@type":"ListItem","position":2,"name":"Les Services","item":"https:\/\/cafedelespace.com\/index.php\/les-services\/"},{"@type":"ListItem","position":3,"name":"Un Bistrot de village"}]},{"@type":"WebSite","@id":"https:\/\/cafedelespace.com\/#website","url":"https:\/\/cafedelespace.com\/","name":"Le Caf\u00e9 de l Espace - Espace Associatif Alain Fauriaux","description":"Espace Associatif Alain Fauriaux","publisher":{"@id":"https:\/\/cafedelespace.com\/#organization"},"potentialAction":[{"@type":"SearchAction","target":{"@type":"EntryPoint","urlTemplate":"https:\/\/cafedelespace.com\/?s={search_term_string}"},"query-input":{"@type":"PropertyValueSpecification","valueRequired":true,"valueName":"search_term_string"}}],"inLanguage":"fr-FR"},{"@type":"Organization","@id":"https:\/\/cafedelespace.com\/#organization","name":"Caf\u00e9 de l'Espace","url":"https:\/\/cafedelespace.com\/","logo":{"@type":"ImageObject","inLanguage":"fr-FR","@id":"https:\/\/cafedelespace.com\/#\/schema\/logo\/image\/","url":"https:\/\/cafedelespace.com\/wp-content\/uploads\/2020\/04\/logo-peinture.png","contentUrl":"https:\/\/cafedelespace.com\/wp-content\/uploads\/2020\/04\/logo-peinture.png","width":500,"height":500,"caption":"Caf\u00e9 de l'Espace"},"image":{"@id":"https:\/\/cafedelespace.com\/#\/schema\/logo\/image\/"},"sameAs":["https:\/\/www.facebook.com\/Cafe.de.lEspace\/"]}]}},"_links":{"self":[{"href":"https:\/\/cafedelespace.com\/index.php\/wp-json\/wp\/v2\/pages\/88","targetHints":{"allow":["GET"]}}],"collection":[{"href":"https:\/\/cafedelespace.com\/index.php\/wp-json\/wp\/v2\/pages"}],"about":[{"href":"https:\/\/cafedelespace.com\/index.php\/wp-json\/wp\/v2\/types\/page"}],"author":[{"embeddable":true,"href":"https:\/\/cafedelespace.com\/index.php\/wp-json\/wp\/v2\/users\/2"}],"replies":[{"embeddable":true,"href":"https:\/\/cafedelespace.com\/index.php\/wp-json\/wp\/v2\/comments?post=88"}],"version-history":[{"count":31,"href":"https:\/\/cafedelespace.com\/index.php\/wp-json\/wp\/v2\/pages\/88\/revisions"}],"predecessor-version":[{"id":1742,"href":"https:\/\/cafedelespace.com\/index.php\/wp-json\/wp\/v2\/pages\/88\/revisions\/1742"}],"up":[{"embeddable":true,"href":"https:\/\/cafedelespace.com\/index.php\/wp-json\/wp\/v2\/pages\/82"}],"wp:attachment":[{"href":"https:\/\/cafedelespace.com\/index.php\/wp-json\/wp\/v2\/media?parent=88"}],"curies":[{"name":"wp","href":"https:\/\/api.w.org\/{rel}","templated":true}]}}