{"id":65,"date":"2020-04-14T09:26:03","date_gmt":"2020-04-14T07:26:03","guid":{"rendered":"http:\/\/cafedelespace.com\/?page_id=65"},"modified":"2023-11-08T16:39:17","modified_gmt":"2023-11-08T15:39:17","slug":"les-cours-de-lespace","status":"publish","type":"page","link":"https:\/\/cafedelespace.com\/index.php\/cafe-famille\/les-cours-de-lespace\/","title":{"rendered":"Les cours de l&rsquo;Espace"},"content":{"rendered":"\t\t<div data-elementor-type=\"wp-page\" data-elementor-id=\"65\" class=\"elementor elementor-65\">\n\t\t\t\t\t\t<section class=\"elementor-section elementor-top-section elementor-element elementor-element-cb444da elementor-section-boxed elementor-section-height-default elementor-section-height-default\" data-id=\"cb444da\" data-element_type=\"section\" data-e-type=\"section\">\n\t\t\t\t\t\t<div class=\"elementor-container elementor-column-gap-default\">\n\t\t\t\t\t<div class=\"elementor-column elementor-col-100 elementor-top-column elementor-element elementor-element-4b62c53\" data-id=\"4b62c53\" data-element_type=\"column\" data-e-type=\"column\">\n\t\t\t<div class=\"elementor-widget-wrap elementor-element-populated\">\n\t\t\t\t\t\t<div class=\"elementor-element elementor-element-12f4cc6 elementor-widget elementor-widget-text-editor\" data-id=\"12f4cc6\" data-element_type=\"widget\" data-e-type=\"widget\" data-widget_type=\"text-editor.default\">\n\t\t\t\t<div class=\"elementor-widget-container\">\n\t\t\t\t\t\t\t\t\t<h5>Depuis 2017, le Caf\u00e9 de l&rsquo;Espace accueille des professionnels dans son lieu pour donner des cours r\u00e9currents.&nbsp;<\/h5>\t\t\t\t\t\t\t\t<\/div>\n\t\t\t\t<\/div>\n\t\t\t\t\t<\/div>\n\t\t<\/div>\n\t\t\t\t\t<\/div>\n\t\t<\/section>\n\t\t\t\t<section class=\"elementor-section elementor-top-section elementor-element elementor-element-f799562 elementor-section-boxed elementor-section-height-default elementor-section-height-default\" data-id=\"f799562\" data-element_type=\"section\" data-e-type=\"section\">\n\t\t\t\t\t\t<div class=\"elementor-container elementor-column-gap-default\">\n\t\t\t\t\t<div class=\"elementor-column elementor-col-66 elementor-top-column elementor-element elementor-element-3852c45\" data-id=\"3852c45\" data-element_type=\"column\" data-e-type=\"column\">\n\t\t\t<div class=\"elementor-widget-wrap elementor-element-populated\">\n\t\t\t\t\t\t<div class=\"elementor-element elementor-element-1eff318 elementor-widget elementor-widget-text-editor\" data-id=\"1eff318\" data-element_type=\"widget\" data-e-type=\"widget\" data-widget_type=\"text-editor.default\">\n\t\t\t\t<div class=\"elementor-widget-container\">\n\t\t\t\t\t\t\t\t\t<p align=\"justify\">Les cours de batterie se passent les mercredi apr\u00e8s-midi avec Camille Ollivier (14h-20h). Venez prendre une heure de cours ouvert \u00e0 tous les \u00e2ges et tous les niveaux. 1h de cours &#8211;&gt; 15\u20ac<\/p><p>Contactez Camille : 0622608677<\/p>\t\t\t\t\t\t\t\t<\/div>\n\t\t\t\t<\/div>\n\t\t\t\t\t<\/div>\n\t\t<\/div>\n\t\t\t\t<div class=\"elementor-column elementor-col-33 elementor-top-column elementor-element elementor-element-8ccdaaa\" data-id=\"8ccdaaa\" data-element_type=\"column\" data-e-type=\"column\">\n\t\t\t<div class=\"elementor-widget-wrap elementor-element-populated\">\n\t\t\t\t\t\t<div class=\"elementor-element elementor-element-9e5880e elementor-widget elementor-widget-image\" data-id=\"9e5880e\" data-element_type=\"widget\" data-e-type=\"widget\" data-widget_type=\"image.default\">\n\t\t\t\t<div class=\"elementor-widget-container\">\n\t\t\t\t\t\t\t\t\t\t\t\t\t\t\t<img fetchpriority=\"high\" decoding=\"async\" width=\"550\" height=\"413\" src=\"https:\/\/cafedelespace.com\/wp-content\/uploads\/2020\/09\/cours-de-batterie.jpg\" class=\"attachment-large size-large wp-image-477\" alt=\"\" srcset=\"https:\/\/cafedelespace.com\/wp-content\/uploads\/2020\/09\/cours-de-batterie.jpg 550w, https:\/\/cafedelespace.com\/wp-content\/uploads\/2020\/09\/cours-de-batterie-300x225.jpg 300w, https:\/\/cafedelespace.com\/wp-content\/uploads\/2020\/09\/cours-de-batterie-80x60.jpg 80w\" sizes=\"(max-width: 550px) 100vw, 550px\" \/>\t\t\t\t\t\t\t\t\t\t\t\t\t\t\t<\/div>\n\t\t\t\t<\/div>\n\t\t\t\t\t<\/div>\n\t\t<\/div>\n\t\t\t\t\t<\/div>\n\t\t<\/section>\n\t\t\t\t<section class=\"elementor-section elementor-top-section elementor-element elementor-element-44a0add elementor-section-boxed elementor-section-height-default elementor-section-height-default\" data-id=\"44a0add\" data-element_type=\"section\" data-e-type=\"section\">\n\t\t\t\t\t\t<div class=\"elementor-container elementor-column-gap-default\">\n\t\t\t\t\t<div class=\"elementor-column elementor-col-100 elementor-top-column elementor-element elementor-element-3962f1a\" data-id=\"3962f1a\" data-element_type=\"column\" data-e-type=\"column\">\n\t\t\t<div class=\"elementor-widget-wrap elementor-element-populated\">\n\t\t\t\t\t\t<div class=\"elementor-element elementor-element-2590309 elementor-button-warning elementor-align-center elementor-widget elementor-widget-button\" data-id=\"2590309\" data-element_type=\"widget\" data-e-type=\"widget\" data-widget_type=\"button.default\">\n\t\t\t\t<div class=\"elementor-widget-container\">\n\t\t\t\t\t\t\t\t\t<div class=\"elementor-button-wrapper\">\n\t\t\t\t\t<a class=\"elementor-button elementor-button-link elementor-size-xl\" href=\"http:\/\/animation.eaaf@gmail.com\">\n\t\t\t\t\t\t<span class=\"elementor-button-content-wrapper\">\n\t\t\t\t\t\t<span class=\"elementor-button-icon\">\n\t\t\t\t<i aria-hidden=\"true\" class=\"fas fa-mail-bulk\"><\/i>\t\t\t<\/span>\n\t\t\t\t\t\t\t\t\t<span class=\"elementor-button-text\"><p> Vous souhaitez donner des cours au Caf\u00e9 de l'Espace? <\/p> Cliquez ici pour contacter l'\u00e9quipe<\/span>\n\t\t\t\t\t<\/span>\n\t\t\t\t\t<\/a>\n\t\t\t\t<\/div>\n\t\t\t\t\t\t\t\t<\/div>\n\t\t\t\t<\/div>\n\t\t\t\t\t<\/div>\n\t\t<\/div>\n\t\t\t\t\t<\/div>\n\t\t<\/section>\n\t\t\t\t<\/div>\n\t\t","protected":false},"excerpt":{"rendered":"<p>Depuis 2017, le Caf\u00e9 de l&rsquo;Espace accueille des professionnels dans son lieu pour donner des cours r\u00e9currents.&nbsp; Les cours de batterie se passent les mercredi apr\u00e8s-midi avec Camille Ollivier (14h-20h). Venez prendre une heure de cours ouvert \u00e0 tous les \u00e2ges et tous les niveaux. 1h de cours &#8211;&gt; 15\u20ac Contactez Camille : 0622608677 Vous &hellip; <\/p>\n","protected":false},"author":2,"featured_media":0,"parent":57,"menu_order":0,"comment_status":"closed","ping_status":"closed","template":"","meta":{"footnotes":""},"class_list":["post-65","page","type-page","status-publish","hentry","latest_post"],"yoast_head":"<!-- This site is optimized with the Yoast SEO plugin v27.2 - https:\/\/yoast.com\/product\/yoast-seo-wordpress\/ -->\n<title>Les cours de l&#039;Espace &#8212; Le Caf\u00e9 de l&#039;Espace<\/title>\n<meta name=\"robots\" content=\"index, follow, max-snippet:-1, max-image-preview:large, max-video-preview:-1\" \/>\n<link rel=\"canonical\" href=\"https:\/\/cafedelespace.com\/index.php\/cafe-famille\/les-cours-de-lespace\/\" \/>\n<meta property=\"og:locale\" content=\"fr_FR\" \/>\n<meta property=\"og:type\" content=\"article\" \/>\n<meta property=\"og:title\" content=\"Les cours de l&#039;Espace &#8212; Le Caf\u00e9 de l&#039;Espace\" \/>\n<meta property=\"og:description\" content=\"Depuis 2017, le Caf\u00e9 de l&rsquo;Espace accueille des professionnels dans son lieu pour donner des cours r\u00e9currents.&nbsp; Les cours de batterie se passent les mercredi apr\u00e8s-midi avec Camille Ollivier (14h-20h). Venez prendre une heure de cours ouvert \u00e0 tous les \u00e2ges et tous les niveaux. 1h de cours &#8211;&gt; 15\u20ac Contactez Camille : 0622608677 Vous &hellip;\" \/>\n<meta property=\"og:url\" content=\"https:\/\/cafedelespace.com\/index.php\/cafe-famille\/les-cours-de-lespace\/\" \/>\n<meta property=\"og:site_name\" content=\"Le Caf\u00e9 de l&#039;Espace\" \/>\n<meta property=\"article:publisher\" content=\"https:\/\/www.facebook.com\/Cafe.de.lEspace\/\" \/>\n<meta property=\"article:modified_time\" content=\"2023-11-08T15:39:17+00:00\" \/>\n<meta property=\"og:image\" content=\"http:\/\/cafedelespace.com\/wp-content\/uploads\/2020\/09\/cours-de-batterie.jpg\" \/>\n<meta name=\"twitter:card\" content=\"summary_large_image\" \/>\n<script type=\"application\/ld+json\" class=\"yoast-schema-graph\">{\"@context\":\"https:\/\/schema.org\",\"@graph\":[{\"@type\":\"WebPage\",\"@id\":\"https:\/\/cafedelespace.com\/index.php\/cafe-famille\/les-cours-de-lespace\/\",\"url\":\"https:\/\/cafedelespace.com\/index.php\/cafe-famille\/les-cours-de-lespace\/\",\"name\":\"Les cours de l'Espace &#8212; Le Caf\u00e9 de l&#039;Espace\",\"isPartOf\":{\"@id\":\"https:\/\/cafedelespace.com\/#website\"},\"primaryImageOfPage\":{\"@id\":\"https:\/\/cafedelespace.com\/index.php\/cafe-famille\/les-cours-de-lespace\/#primaryimage\"},\"image\":{\"@id\":\"https:\/\/cafedelespace.com\/index.php\/cafe-famille\/les-cours-de-lespace\/#primaryimage\"},\"thumbnailUrl\":\"http:\/\/cafedelespace.com\/wp-content\/uploads\/2020\/09\/cours-de-batterie.jpg\",\"datePublished\":\"2020-04-14T07:26:03+00:00\",\"dateModified\":\"2023-11-08T15:39:17+00:00\",\"breadcrumb\":{\"@id\":\"https:\/\/cafedelespace.com\/index.php\/cafe-famille\/les-cours-de-lespace\/#breadcrumb\"},\"inLanguage\":\"fr-FR\",\"potentialAction\":[{\"@type\":\"ReadAction\",\"target\":[\"https:\/\/cafedelespace.com\/index.php\/cafe-famille\/les-cours-de-lespace\/\"]}]},{\"@type\":\"ImageObject\",\"inLanguage\":\"fr-FR\",\"@id\":\"https:\/\/cafedelespace.com\/index.php\/cafe-famille\/les-cours-de-lespace\/#primaryimage\",\"url\":\"https:\/\/cafedelespace.com\/wp-content\/uploads\/2020\/09\/cours-de-batterie.jpg\",\"contentUrl\":\"https:\/\/cafedelespace.com\/wp-content\/uploads\/2020\/09\/cours-de-batterie.jpg\",\"width\":550,\"height\":413},{\"@type\":\"BreadcrumbList\",\"@id\":\"https:\/\/cafedelespace.com\/index.php\/cafe-famille\/les-cours-de-lespace\/#breadcrumb\",\"itemListElement\":[{\"@type\":\"ListItem\",\"position\":1,\"name\":\"Accueil\",\"item\":\"https:\/\/cafedelespace.com\/\"},{\"@type\":\"ListItem\",\"position\":2,\"name\":\"Caf\u00e9 Famille\",\"item\":\"https:\/\/cafedelespace.com\/index.php\/cafe-famille\/\"},{\"@type\":\"ListItem\",\"position\":3,\"name\":\"Les cours de l&rsquo;Espace\"}]},{\"@type\":\"WebSite\",\"@id\":\"https:\/\/cafedelespace.com\/#website\",\"url\":\"https:\/\/cafedelespace.com\/\",\"name\":\"Le Caf\u00e9 de l Espace - Espace Associatif Alain Fauriaux\",\"description\":\"Espace Associatif Alain Fauriaux\",\"publisher\":{\"@id\":\"https:\/\/cafedelespace.com\/#organization\"},\"potentialAction\":[{\"@type\":\"SearchAction\",\"target\":{\"@type\":\"EntryPoint\",\"urlTemplate\":\"https:\/\/cafedelespace.com\/?s={search_term_string}\"},\"query-input\":{\"@type\":\"PropertyValueSpecification\",\"valueRequired\":true,\"valueName\":\"search_term_string\"}}],\"inLanguage\":\"fr-FR\"},{\"@type\":\"Organization\",\"@id\":\"https:\/\/cafedelespace.com\/#organization\",\"name\":\"Caf\u00e9 de l'Espace\",\"url\":\"https:\/\/cafedelespace.com\/\",\"logo\":{\"@type\":\"ImageObject\",\"inLanguage\":\"fr-FR\",\"@id\":\"https:\/\/cafedelespace.com\/#\/schema\/logo\/image\/\",\"url\":\"https:\/\/cafedelespace.com\/wp-content\/uploads\/2020\/04\/logo-peinture.png\",\"contentUrl\":\"https:\/\/cafedelespace.com\/wp-content\/uploads\/2020\/04\/logo-peinture.png\",\"width\":500,\"height\":500,\"caption\":\"Caf\u00e9 de l'Espace\"},\"image\":{\"@id\":\"https:\/\/cafedelespace.com\/#\/schema\/logo\/image\/\"},\"sameAs\":[\"https:\/\/www.facebook.com\/Cafe.de.lEspace\/\"]}]}<\/script>\n<!-- \/ Yoast SEO plugin. -->","yoast_head_json":{"title":"Les cours de l'Espace &#8212; Le Caf\u00e9 de l&#039;Espace","robots":{"index":"index","follow":"follow","max-snippet":"max-snippet:-1","max-image-preview":"max-image-preview:large","max-video-preview":"max-video-preview:-1"},"canonical":"https:\/\/cafedelespace.com\/index.php\/cafe-famille\/les-cours-de-lespace\/","og_locale":"fr_FR","og_type":"article","og_title":"Les cours de l'Espace &#8212; Le Caf\u00e9 de l&#039;Espace","og_description":"Depuis 2017, le Caf\u00e9 de l&rsquo;Espace accueille des professionnels dans son lieu pour donner des cours r\u00e9currents.&nbsp; Les cours de batterie se passent les mercredi apr\u00e8s-midi avec Camille Ollivier (14h-20h). Venez prendre une heure de cours ouvert \u00e0 tous les \u00e2ges et tous les niveaux. 1h de cours &#8211;&gt; 15\u20ac Contactez Camille : 0622608677 Vous &hellip;","og_url":"https:\/\/cafedelespace.com\/index.php\/cafe-famille\/les-cours-de-lespace\/","og_site_name":"Le Caf\u00e9 de l&#039;Espace","article_publisher":"https:\/\/www.facebook.com\/Cafe.de.lEspace\/","article_modified_time":"2023-11-08T15:39:17+00:00","og_image":[{"url":"http:\/\/cafedelespace.com\/wp-content\/uploads\/2020\/09\/cours-de-batterie.jpg","type":"","width":"","height":""}],"twitter_card":"summary_large_image","schema":{"@context":"https:\/\/schema.org","@graph":[{"@type":"WebPage","@id":"https:\/\/cafedelespace.com\/index.php\/cafe-famille\/les-cours-de-lespace\/","url":"https:\/\/cafedelespace.com\/index.php\/cafe-famille\/les-cours-de-lespace\/","name":"Les cours de l'Espace &#8212; Le Caf\u00e9 de l&#039;Espace","isPartOf":{"@id":"https:\/\/cafedelespace.com\/#website"},"primaryImageOfPage":{"@id":"https:\/\/cafedelespace.com\/index.php\/cafe-famille\/les-cours-de-lespace\/#primaryimage"},"image":{"@id":"https:\/\/cafedelespace.com\/index.php\/cafe-famille\/les-cours-de-lespace\/#primaryimage"},"thumbnailUrl":"http:\/\/cafedelespace.com\/wp-content\/uploads\/2020\/09\/cours-de-batterie.jpg","datePublished":"2020-04-14T07:26:03+00:00","dateModified":"2023-11-08T15:39:17+00:00","breadcrumb":{"@id":"https:\/\/cafedelespace.com\/index.php\/cafe-famille\/les-cours-de-lespace\/#breadcrumb"},"inLanguage":"fr-FR","potentialAction":[{"@type":"ReadAction","target":["https:\/\/cafedelespace.com\/index.php\/cafe-famille\/les-cours-de-lespace\/"]}]},{"@type":"ImageObject","inLanguage":"fr-FR","@id":"https:\/\/cafedelespace.com\/index.php\/cafe-famille\/les-cours-de-lespace\/#primaryimage","url":"https:\/\/cafedelespace.com\/wp-content\/uploads\/2020\/09\/cours-de-batterie.jpg","contentUrl":"https:\/\/cafedelespace.com\/wp-content\/uploads\/2020\/09\/cours-de-batterie.jpg","width":550,"height":413},{"@type":"BreadcrumbList","@id":"https:\/\/cafedelespace.com\/index.php\/cafe-famille\/les-cours-de-lespace\/#breadcrumb","itemListElement":[{"@type":"ListItem","position":1,"name":"Accueil","item":"https:\/\/cafedelespace.com\/"},{"@type":"ListItem","position":2,"name":"Caf\u00e9 Famille","item":"https:\/\/cafedelespace.com\/index.php\/cafe-famille\/"},{"@type":"ListItem","position":3,"name":"Les cours de l&rsquo;Espace"}]},{"@type":"WebSite","@id":"https:\/\/cafedelespace.com\/#website","url":"https:\/\/cafedelespace.com\/","name":"Le Caf\u00e9 de l Espace - Espace Associatif Alain Fauriaux","description":"Espace Associatif Alain Fauriaux","publisher":{"@id":"https:\/\/cafedelespace.com\/#organization"},"potentialAction":[{"@type":"SearchAction","target":{"@type":"EntryPoint","urlTemplate":"https:\/\/cafedelespace.com\/?s={search_term_string}"},"query-input":{"@type":"PropertyValueSpecification","valueRequired":true,"valueName":"search_term_string"}}],"inLanguage":"fr-FR"},{"@type":"Organization","@id":"https:\/\/cafedelespace.com\/#organization","name":"Caf\u00e9 de l'Espace","url":"https:\/\/cafedelespace.com\/","logo":{"@type":"ImageObject","inLanguage":"fr-FR","@id":"https:\/\/cafedelespace.com\/#\/schema\/logo\/image\/","url":"https:\/\/cafedelespace.com\/wp-content\/uploads\/2020\/04\/logo-peinture.png","contentUrl":"https:\/\/cafedelespace.com\/wp-content\/uploads\/2020\/04\/logo-peinture.png","width":500,"height":500,"caption":"Caf\u00e9 de l'Espace"},"image":{"@id":"https:\/\/cafedelespace.com\/#\/schema\/logo\/image\/"},"sameAs":["https:\/\/www.facebook.com\/Cafe.de.lEspace\/"]}]}},"_links":{"self":[{"href":"https:\/\/cafedelespace.com\/index.php\/wp-json\/wp\/v2\/pages\/65","targetHints":{"allow":["GET"]}}],"collection":[{"href":"https:\/\/cafedelespace.com\/index.php\/wp-json\/wp\/v2\/pages"}],"about":[{"href":"https:\/\/cafedelespace.com\/index.php\/wp-json\/wp\/v2\/types\/page"}],"author":[{"embeddable":true,"href":"https:\/\/cafedelespace.com\/index.php\/wp-json\/wp\/v2\/users\/2"}],"replies":[{"embeddable":true,"href":"https:\/\/cafedelespace.com\/index.php\/wp-json\/wp\/v2\/comments?post=65"}],"version-history":[{"count":11,"href":"https:\/\/cafedelespace.com\/index.php\/wp-json\/wp\/v2\/pages\/65\/revisions"}],"predecessor-version":[{"id":1463,"href":"https:\/\/cafedelespace.com\/index.php\/wp-json\/wp\/v2\/pages\/65\/revisions\/1463"}],"up":[{"embeddable":true,"href":"https:\/\/cafedelespace.com\/index.php\/wp-json\/wp\/v2\/pages\/57"}],"wp:attachment":[{"href":"https:\/\/cafedelespace.com\/index.php\/wp-json\/wp\/v2\/media?parent=65"}],"curies":[{"name":"wp","href":"https:\/\/api.w.org\/{rel}","templated":true}]}}