{"id":57,"date":"2020-04-14T09:24:32","date_gmt":"2020-04-14T07:24:32","guid":{"rendered":"http:\/\/cafedelespace.com\/?page_id=57"},"modified":"2026-01-07T17:06:12","modified_gmt":"2026-01-07T16:06:12","slug":"cafe-famille","status":"publish","type":"page","link":"https:\/\/cafedelespace.com\/index.php\/cafe-famille\/","title":{"rendered":"Caf\u00e9 Famille"},"content":{"rendered":"\t\t<div data-elementor-type=\"wp-page\" data-elementor-id=\"57\" class=\"elementor elementor-57\">\n\t\t\t\t\t\t<section class=\"elementor-section elementor-top-section elementor-element elementor-element-484fe05 elementor-section-boxed elementor-section-height-default elementor-section-height-default\" data-id=\"484fe05\" data-element_type=\"section\" data-e-type=\"section\">\n\t\t\t\t\t\t<div class=\"elementor-container elementor-column-gap-default\">\n\t\t\t\t\t<div class=\"elementor-column elementor-col-100 elementor-top-column elementor-element elementor-element-04a242a\" data-id=\"04a242a\" data-element_type=\"column\" data-e-type=\"column\">\n\t\t\t<div class=\"elementor-widget-wrap elementor-element-populated\">\n\t\t\t\t\t\t<div class=\"elementor-element elementor-element-8d1f902 elementor-grid-eael-col-4 elementor-grid-tablet-eael-col-2 elementor-grid-mobile-eael-col-1 elementor-widget elementor-widget-eael-post-grid\" data-id=\"8d1f902\" data-element_type=\"widget\" data-e-type=\"widget\" data-settings=\"{&quot;eael_post_grid_columns&quot;:&quot;eael-col-4&quot;,&quot;eael_post_grid_columns_tablet&quot;:&quot;eael-col-2&quot;,&quot;eael_post_grid_columns_mobile&quot;:&quot;eael-col-1&quot;}\" data-widget_type=\"eael-post-grid.default\">\n\t\t\t\t<div class=\"elementor-widget-container\">\n\t\t\t\t\t<div id=\"eael-post-grid-8d1f902\" class=\"eael-post-grid-container\">\n            <div class=\"eael-post-grid eael-post-appender eael-post-appender-8d1f902 eael-post-grid-style-one\" data-layout-mode=\"masonry\"><article class=\"eael-grid-post  eael-post-grid-column eael-pg-post-2468 category-animation\" data-id=\"2468\">\n        <div class=\"eael-grid-post-holder\">\n            <div class=\"eael-grid-post-holder-inner\"><div class=\"eael-entry-media\"><div class=\"eael-entry-overlay fade-in\"><i class=\"fas fa-long-arrow-alt-right\" aria-hidden=\"true\"><\/i><a href=\"https:\/\/cafedelespace.com\/index.php\/2026\/04\/16\/atelier-baume-29-avril\/\"><\/a><\/div><div class=\"eael-entry-thumbnail \">\n                <img fetchpriority=\"high\" decoding=\"async\" width=\"212\" height=\"300\" src=\"https:\/\/cafedelespace.com\/wp-content\/uploads\/2026\/04\/atelier-baume4-212x300.png\" class=\"attachment-medium size-medium wp-image-2469\" alt=\"\" srcset=\"https:\/\/cafedelespace.com\/wp-content\/uploads\/2026\/04\/atelier-baume4-212x300.png 212w, https:\/\/cafedelespace.com\/wp-content\/uploads\/2026\/04\/atelier-baume4-724x1024.png 724w, https:\/\/cafedelespace.com\/wp-content\/uploads\/2026\/04\/atelier-baume4-768x1086.png 768w, https:\/\/cafedelespace.com\/wp-content\/uploads\/2026\/04\/atelier-baume4-1086x1536.png 1086w, https:\/\/cafedelespace.com\/wp-content\/uploads\/2026\/04\/atelier-baume4-42x60.png 42w, https:\/\/cafedelespace.com\/wp-content\/uploads\/2026\/04\/atelier-baume4.png 1414w\" sizes=\"(max-width: 212px) 100vw, 212px\" \/>\n            <\/div>\n        <\/div><\/div>\n        <\/div>\n    <\/article><article class=\"eael-grid-post  eael-post-grid-column eael-pg-post-2454 category-animation\" data-id=\"2454\">\n        <div class=\"eael-grid-post-holder\">\n            <div class=\"eael-grid-post-holder-inner\"><div class=\"eael-entry-media\"><div class=\"eael-entry-overlay fade-in\"><i class=\"fas fa-long-arrow-alt-right\" aria-hidden=\"true\"><\/i><a href=\"https:\/\/cafedelespace.com\/index.php\/2026\/04\/08\/atelier-linogravure-15-avril\/\"><\/a><\/div><div class=\"eael-entry-thumbnail \">\n                <img decoding=\"async\" width=\"212\" height=\"300\" src=\"https:\/\/cafedelespace.com\/wp-content\/uploads\/2026\/04\/atelier-lino-212x300.png\" class=\"attachment-medium size-medium wp-image-2455\" alt=\"\" srcset=\"https:\/\/cafedelespace.com\/wp-content\/uploads\/2026\/04\/atelier-lino-212x300.png 212w, https:\/\/cafedelespace.com\/wp-content\/uploads\/2026\/04\/atelier-lino-724x1024.png 724w, https:\/\/cafedelespace.com\/wp-content\/uploads\/2026\/04\/atelier-lino-768x1086.png 768w, https:\/\/cafedelespace.com\/wp-content\/uploads\/2026\/04\/atelier-lino-1086x1536.png 1086w, https:\/\/cafedelespace.com\/wp-content\/uploads\/2026\/04\/atelier-lino-42x60.png 42w, https:\/\/cafedelespace.com\/wp-content\/uploads\/2026\/04\/atelier-lino.png 1414w\" sizes=\"(max-width: 212px) 100vw, 212px\" \/>\n            <\/div>\n        <\/div><\/div>\n        <\/div>\n    <\/article><article class=\"eael-grid-post  eael-post-grid-column eael-pg-post-2422 category-animation\" data-id=\"2422\">\n        <div class=\"eael-grid-post-holder\">\n            <div class=\"eael-grid-post-holder-inner\"><div class=\"eael-entry-media\"><div class=\"eael-entry-overlay fade-in\"><i class=\"fas fa-long-arrow-alt-right\" aria-hidden=\"true\"><\/i><a href=\"https:\/\/cafedelespace.com\/index.php\/2026\/03\/19\/fete-du-court-metrage-25-et-27-mars\/\"><\/a><\/div><div class=\"eael-entry-thumbnail \">\n                <img decoding=\"async\" width=\"212\" height=\"300\" src=\"https:\/\/cafedelespace.com\/wp-content\/uploads\/2026\/03\/fete-du-court1-212x300.png\" class=\"attachment-medium size-medium wp-image-2423\" alt=\"\" srcset=\"https:\/\/cafedelespace.com\/wp-content\/uploads\/2026\/03\/fete-du-court1-212x300.png 212w, https:\/\/cafedelespace.com\/wp-content\/uploads\/2026\/03\/fete-du-court1-724x1024.png 724w, https:\/\/cafedelespace.com\/wp-content\/uploads\/2026\/03\/fete-du-court1-768x1086.png 768w, https:\/\/cafedelespace.com\/wp-content\/uploads\/2026\/03\/fete-du-court1-1086x1536.png 1086w, https:\/\/cafedelespace.com\/wp-content\/uploads\/2026\/03\/fete-du-court1-42x60.png 42w, https:\/\/cafedelespace.com\/wp-content\/uploads\/2026\/03\/fete-du-court1.png 1414w\" sizes=\"(max-width: 212px) 100vw, 212px\" \/>\n            <\/div>\n        <\/div><\/div>\n        <\/div>\n    <\/article><article class=\"eael-grid-post  eael-post-grid-column eael-pg-post-2383 category-animation\" data-id=\"2383\">\n        <div class=\"eael-grid-post-holder\">\n            <div class=\"eael-grid-post-holder-inner\"><div class=\"eael-entry-media\"><div class=\"eael-entry-overlay fade-in\"><i class=\"fas fa-long-arrow-alt-right\" aria-hidden=\"true\"><\/i><a href=\"https:\/\/cafedelespace.com\/index.php\/2026\/01\/21\/carnaval-de-flayat-21-fevrier\/\"><\/a><\/div><div class=\"eael-entry-thumbnail \">\n                <img loading=\"lazy\" decoding=\"async\" width=\"212\" height=\"300\" src=\"https:\/\/cafedelespace.com\/wp-content\/uploads\/2026\/01\/carnaval-report1-212x300.png\" class=\"attachment-medium size-medium wp-image-2390\" alt=\"\" srcset=\"https:\/\/cafedelespace.com\/wp-content\/uploads\/2026\/01\/carnaval-report1-212x300.png 212w, https:\/\/cafedelespace.com\/wp-content\/uploads\/2026\/01\/carnaval-report1-724x1024.png 724w, https:\/\/cafedelespace.com\/wp-content\/uploads\/2026\/01\/carnaval-report1-768x1086.png 768w, https:\/\/cafedelespace.com\/wp-content\/uploads\/2026\/01\/carnaval-report1-1086x1536.png 1086w, https:\/\/cafedelespace.com\/wp-content\/uploads\/2026\/01\/carnaval-report1-42x60.png 42w, https:\/\/cafedelespace.com\/wp-content\/uploads\/2026\/01\/carnaval-report1.png 1414w\" sizes=\"(max-width: 212px) 100vw, 212px\" \/>\n            <\/div>\n        <\/div><\/div>\n        <\/div>\n    <\/article><article class=\"eael-grid-post  eael-post-grid-column eael-pg-post-2380 category-animation\" data-id=\"2380\">\n        <div class=\"eael-grid-post-holder\">\n            <div class=\"eael-grid-post-holder-inner\"><div class=\"eael-entry-media\"><div class=\"eael-entry-overlay fade-in\"><i class=\"fas fa-long-arrow-alt-right\" aria-hidden=\"true\"><\/i><a href=\"https:\/\/cafedelespace.com\/index.php\/2026\/01\/21\/atelier-instruments-de-musique-11-fevrier\/\"><\/a><\/div><div class=\"eael-entry-thumbnail \">\n                <img loading=\"lazy\" decoding=\"async\" width=\"212\" height=\"300\" src=\"https:\/\/cafedelespace.com\/wp-content\/uploads\/2026\/01\/atelier-musique-carnaval1-212x300.png\" class=\"attachment-medium size-medium wp-image-2381\" alt=\"\" srcset=\"https:\/\/cafedelespace.com\/wp-content\/uploads\/2026\/01\/atelier-musique-carnaval1-212x300.png 212w, https:\/\/cafedelespace.com\/wp-content\/uploads\/2026\/01\/atelier-musique-carnaval1-724x1024.png 724w, https:\/\/cafedelespace.com\/wp-content\/uploads\/2026\/01\/atelier-musique-carnaval1-768x1086.png 768w, https:\/\/cafedelespace.com\/wp-content\/uploads\/2026\/01\/atelier-musique-carnaval1-1086x1536.png 1086w, https:\/\/cafedelespace.com\/wp-content\/uploads\/2026\/01\/atelier-musique-carnaval1-42x60.png 42w, https:\/\/cafedelespace.com\/wp-content\/uploads\/2026\/01\/atelier-musique-carnaval1.png 1414w\" sizes=\"(max-width: 212px) 100vw, 212px\" \/>\n            <\/div>\n        <\/div><\/div>\n        <\/div>\n    <\/article><article class=\"eael-grid-post  eael-post-grid-column eael-pg-post-2377 category-animation\" data-id=\"2377\">\n        <div class=\"eael-grid-post-holder\">\n            <div class=\"eael-grid-post-holder-inner\"><div class=\"eael-entry-media\"><div class=\"eael-entry-overlay fade-in\"><i class=\"fas fa-long-arrow-alt-right\" aria-hidden=\"true\"><\/i><a href=\"https:\/\/cafedelespace.com\/index.php\/2026\/01\/21\/atelier-masques-de-carnaval-4-fevrier\/\"><\/a><\/div><div class=\"eael-entry-thumbnail \">\n                <img loading=\"lazy\" decoding=\"async\" width=\"212\" height=\"300\" src=\"https:\/\/cafedelespace.com\/wp-content\/uploads\/2026\/01\/atelier-masque-carnaval1-212x300.png\" class=\"attachment-medium size-medium wp-image-2378\" alt=\"\" srcset=\"https:\/\/cafedelespace.com\/wp-content\/uploads\/2026\/01\/atelier-masque-carnaval1-212x300.png 212w, https:\/\/cafedelespace.com\/wp-content\/uploads\/2026\/01\/atelier-masque-carnaval1-724x1024.png 724w, https:\/\/cafedelespace.com\/wp-content\/uploads\/2026\/01\/atelier-masque-carnaval1-768x1086.png 768w, https:\/\/cafedelespace.com\/wp-content\/uploads\/2026\/01\/atelier-masque-carnaval1-1086x1536.png 1086w, https:\/\/cafedelespace.com\/wp-content\/uploads\/2026\/01\/atelier-masque-carnaval1-42x60.png 42w, https:\/\/cafedelespace.com\/wp-content\/uploads\/2026\/01\/atelier-masque-carnaval1.png 1414w\" sizes=\"(max-width: 212px) 100vw, 212px\" \/>\n            <\/div>\n        <\/div><\/div>\n        <\/div>\n    <\/article><article class=\"eael-grid-post  eael-post-grid-column eael-pg-post-2086 category-animation\" data-id=\"2086\">\n        <div class=\"eael-grid-post-holder\">\n            <div class=\"eael-grid-post-holder-inner\"><div class=\"eael-entry-media\"><div class=\"eael-entry-overlay fade-in\"><i class=\"fas fa-long-arrow-alt-right\" aria-hidden=\"true\"><\/i><a href=\"https:\/\/cafedelespace.com\/index.php\/2025\/11\/27\/soiree-theatre-12-decembre\/\"><\/a><\/div><div class=\"eael-entry-thumbnail \">\n                <img loading=\"lazy\" decoding=\"async\" width=\"212\" height=\"300\" src=\"https:\/\/cafedelespace.com\/wp-content\/uploads\/2025\/11\/spectacle-theatre-212x300.png\" class=\"attachment-medium size-medium wp-image-2087\" alt=\"\" srcset=\"https:\/\/cafedelespace.com\/wp-content\/uploads\/2025\/11\/spectacle-theatre-212x300.png 212w, https:\/\/cafedelespace.com\/wp-content\/uploads\/2025\/11\/spectacle-theatre-724x1024.png 724w, https:\/\/cafedelespace.com\/wp-content\/uploads\/2025\/11\/spectacle-theatre-768x1086.png 768w, https:\/\/cafedelespace.com\/wp-content\/uploads\/2025\/11\/spectacle-theatre-1086x1536.png 1086w, https:\/\/cafedelespace.com\/wp-content\/uploads\/2025\/11\/spectacle-theatre-42x60.png 42w, https:\/\/cafedelespace.com\/wp-content\/uploads\/2025\/11\/spectacle-theatre.png 1414w\" sizes=\"(max-width: 212px) 100vw, 212px\" \/>\n            <\/div>\n        <\/div><\/div>\n        <\/div>\n    <\/article><article class=\"eael-grid-post  eael-post-grid-column eael-pg-post-2083 category-animation\" data-id=\"2083\">\n        <div class=\"eael-grid-post-holder\">\n            <div class=\"eael-grid-post-holder-inner\"><div class=\"eael-entry-media\"><div class=\"eael-entry-overlay fade-in\"><i class=\"fas fa-long-arrow-alt-right\" aria-hidden=\"true\"><\/i><a href=\"https:\/\/cafedelespace.com\/index.php\/2025\/11\/27\/atelier-fanzine-6-novembre\/\"><\/a><\/div><div class=\"eael-entry-thumbnail \">\n                <img loading=\"lazy\" decoding=\"async\" width=\"212\" height=\"300\" src=\"https:\/\/cafedelespace.com\/wp-content\/uploads\/2025\/11\/atelier-fanzine-212x300.png\" class=\"attachment-medium size-medium wp-image-2084\" alt=\"\" srcset=\"https:\/\/cafedelespace.com\/wp-content\/uploads\/2025\/11\/atelier-fanzine-212x300.png 212w, https:\/\/cafedelespace.com\/wp-content\/uploads\/2025\/11\/atelier-fanzine-724x1024.png 724w, https:\/\/cafedelespace.com\/wp-content\/uploads\/2025\/11\/atelier-fanzine-768x1086.png 768w, https:\/\/cafedelespace.com\/wp-content\/uploads\/2025\/11\/atelier-fanzine-1086x1536.png 1086w, https:\/\/cafedelespace.com\/wp-content\/uploads\/2025\/11\/atelier-fanzine-42x60.png 42w, https:\/\/cafedelespace.com\/wp-content\/uploads\/2025\/11\/atelier-fanzine.png 1414w\" sizes=\"(max-width: 212px) 100vw, 212px\" \/>\n            <\/div>\n        <\/div><\/div>\n        <\/div>\n    <\/article><\/div>\n            <div class=\"clearfix\"><\/div>\n        <\/div>            <div class=\"eael-load-more-button-wrap eael-force-hide\">\n                <button class=\"eael-load-more-button\" id=\"eael-load-more-btn-8d1f902\" data-widget-id=\"8d1f902\" data-widget=\"8d1f902\" data-page-id=\"57\" data-template=\"{&quot;dir&quot;:&quot;lite&quot;,&quot;file_name&quot;:&quot;one.php&quot;,&quot;name&quot;:&quot;Post-Grid&quot;}\" data-class=\"Essential_Addons_Elementor\\Elements\\Post_Grid\" data-layout=\"masonry\" data-page=\"1\" data-args=\"orderby=date&amp;order=desc&amp;ignore_sticky_posts=1&amp;post_status=publish&amp;posts_per_page=8&amp;offset=0&amp;post_type=post&amp;tax_query%5B0%5D%5Btaxonomy%5D=category&amp;tax_query%5B0%5D%5Bfield%5D=term_id&amp;tax_query%5B0%5D%5Bterms%5D%5B0%5D=7&amp;tax_query%5Brelation%5D=AND\" data-max-page=\"6\">\n                    <span class=\"eael-btn-loader button__loader\"><\/span>\n                    <span class=\"eael_load_more_text\">Load More<\/span>\n                <\/button>\n            <\/div>\n            \t\t\t\t<\/div>\n\t\t\t\t<\/div>\n\t\t\t\t\t<\/div>\n\t\t<\/div>\n\t\t\t\t\t<\/div>\n\t\t<\/section>\n\t\t\t\t<section class=\"elementor-section elementor-top-section elementor-element elementor-element-c35e056 elementor-section-boxed elementor-section-height-default elementor-section-height-default\" data-id=\"c35e056\" data-element_type=\"section\" data-e-type=\"section\">\n\t\t\t\t\t\t<div class=\"elementor-container elementor-column-gap-default\">\n\t\t\t\t\t<div class=\"elementor-column elementor-col-50 elementor-top-column elementor-element elementor-element-9de80e2\" data-id=\"9de80e2\" data-element_type=\"column\" data-e-type=\"column\">\n\t\t\t<div class=\"elementor-widget-wrap elementor-element-populated\">\n\t\t\t\t\t\t<div class=\"elementor-element elementor-element-21c0af9 elementor-widget elementor-widget-text-editor\" data-id=\"21c0af9\" data-element_type=\"widget\" data-e-type=\"widget\" data-widget_type=\"text-editor.default\">\n\t\t\t\t<div class=\"elementor-widget-container\">\n\t\t\t\t\t\t\t\t\t<p align=\"justify\">Lieu hybride en milieu rural, labellis\u00e9 <strong>\u00ab Espace de Vie Sociale \u00bb<\/strong>, le Caf\u00e9 de l&rsquo;Espace propose de nombreuses activit\u00e9s socio-culturelles : concerts, spectacles tous publics, ateliers, rencontres, d\u00e9bats, conf\u00e9rences, sc\u00e8nes d\u00e9couvertes, soir\u00e9es th\u00e9matiques.<\/p><p align=\"justify\">Le caf\u00e9 est identifi\u00e9 comme un <a href=\"http:\/\/cafedelespace.com\/index.php\/les-services\/le-point-ressource\/\"><strong>lieu de ressources<\/strong><\/a> pour les activit\u00e9s, les acteurs et les \u00e9v\u00e9nements qui se d\u00e9roulent sur notre territoire.<\/p><p align=\"justify\">Son <strong><a href=\"http:\/\/cafedelespace.com\/index.php\/lanimation\/les-ateliers-famille\/\">\u00ab Caf\u00e9 Famille \u00bb<\/a><\/strong><br \/>structure ses actions en direction de la famille et l\u2019enfance\/jeunesse, et permet \u00e0 chacun de pouvoir exprimer ses droits et ses aspirations.<\/p><p align=\"justify\">\u00a0<\/p><p align=\"justify\">Nous travaillons quotidiennement pour r\u00e9pondre aux attentes culturelles mais aussi sociales (liens sociaux, familiaux, interg\u00e9n\u00e9rationnels, e-inclusion, lutte contre l\u2019isolement\u2026) des populations du territoire.<\/p><p align=\"justify\">\u00a0<\/p>\t\t\t\t\t\t\t\t<\/div>\n\t\t\t\t<\/div>\n\t\t\t\t\t<\/div>\n\t\t<\/div>\n\t\t\t\t<div class=\"elementor-column elementor-col-50 elementor-top-column elementor-element elementor-element-b1ea387\" data-id=\"b1ea387\" data-element_type=\"column\" data-e-type=\"column\">\n\t\t\t<div class=\"elementor-widget-wrap elementor-element-populated\">\n\t\t\t\t\t\t<div class=\"elementor-element elementor-element-b70cdae elementor-widget elementor-widget-image\" data-id=\"b70cdae\" data-element_type=\"widget\" data-e-type=\"widget\" data-widget_type=\"image.default\">\n\t\t\t\t<div class=\"elementor-widget-container\">\n\t\t\t\t\t\t\t\t\t\t\t\t<figure class=\"wp-caption\">\n\t\t\t\t\t\t\t\t\t\t<img loading=\"lazy\" decoding=\"async\" width=\"330\" height=\"350\" src=\"https:\/\/cafedelespace.com\/wp-content\/uploads\/2025\/04\/1738307906456-330x350.jpg\" class=\"attachment-post-category-slider-size size-post-category-slider-size wp-image-1640\" alt=\"\" \/>\t\t\t\t\t\t\t\t\t\t\t<figcaption class=\"widget-image-caption wp-caption-text\">Atelier herboristerie<\/figcaption>\n\t\t\t\t\t\t\t\t\t\t<\/figure>\n\t\t\t\t\t\t\t\t\t<\/div>\n\t\t\t\t<\/div>\n\t\t\t\t\t<\/div>\n\t\t<\/div>\n\t\t\t\t\t<\/div>\n\t\t<\/section>\n\t\t\t\t<section class=\"elementor-section elementor-top-section elementor-element elementor-element-6188c92 elementor-section-boxed elementor-section-height-default elementor-section-height-default\" data-id=\"6188c92\" data-element_type=\"section\" data-e-type=\"section\">\n\t\t\t\t\t\t<div class=\"elementor-container elementor-column-gap-default\">\n\t\t\t\t\t<div class=\"elementor-column elementor-col-50 elementor-top-column elementor-element elementor-element-3aacabc\" data-id=\"3aacabc\" data-element_type=\"column\" data-e-type=\"column\">\n\t\t\t<div class=\"elementor-widget-wrap elementor-element-populated\">\n\t\t\t\t\t\t<div class=\"elementor-element elementor-element-9c3594d elementor-widget elementor-widget-image\" data-id=\"9c3594d\" data-element_type=\"widget\" data-e-type=\"widget\" data-widget_type=\"image.default\">\n\t\t\t\t<div class=\"elementor-widget-container\">\n\t\t\t\t\t\t\t\t\t\t\t\t<figure class=\"wp-caption\">\n\t\t\t\t\t\t\t\t\t\t<img loading=\"lazy\" decoding=\"async\" width=\"790\" height=\"790\" src=\"https:\/\/cafedelespace.com\/wp-content\/uploads\/2025\/04\/1743608467297-1024x1024.jpg\" class=\"attachment-large size-large wp-image-1695\" alt=\"\" srcset=\"https:\/\/cafedelespace.com\/wp-content\/uploads\/2025\/04\/1743608467297-1024x1024.jpg 1024w, https:\/\/cafedelespace.com\/wp-content\/uploads\/2025\/04\/1743608467297-300x300.jpg 300w, https:\/\/cafedelespace.com\/wp-content\/uploads\/2025\/04\/1743608467297-150x150.jpg 150w, https:\/\/cafedelespace.com\/wp-content\/uploads\/2025\/04\/1743608467297-768x768.jpg 768w, https:\/\/cafedelespace.com\/wp-content\/uploads\/2025\/04\/1743608467297-60x60.jpg 60w, https:\/\/cafedelespace.com\/wp-content\/uploads\/2025\/04\/1743608467297.jpg 1232w\" sizes=\"(max-width: 790px) 100vw, 790px\" \/>\t\t\t\t\t\t\t\t\t\t\t<figcaption class=\"widget-image-caption wp-caption-text\">La traditionnelle soir\u00e9e raclette du mois d'ao\u00fbt !<\/figcaption>\n\t\t\t\t\t\t\t\t\t\t<\/figure>\n\t\t\t\t\t\t\t\t\t<\/div>\n\t\t\t\t<\/div>\n\t\t\t\t\t<\/div>\n\t\t<\/div>\n\t\t\t\t<div class=\"elementor-column elementor-col-50 elementor-top-column elementor-element elementor-element-b2c3ed6\" data-id=\"b2c3ed6\" data-element_type=\"column\" data-e-type=\"column\">\n\t\t\t<div class=\"elementor-widget-wrap elementor-element-populated\">\n\t\t\t\t\t\t<div class=\"elementor-element elementor-element-fe099ea elementor-widget elementor-widget-text-editor\" data-id=\"fe099ea\" data-element_type=\"widget\" data-e-type=\"widget\" data-widget_type=\"text-editor.default\">\n\t\t\t\t<div class=\"elementor-widget-container\">\n\t\t\t\t\t\t\t\t\t<p align=\"justify\"><br><\/p>\n<div data-id=\"a76b102\" data-element_type=\"widget\" data-widget_type=\"text-editor.default\">\n<div>\n<div>\n<p align=\"center\">Le Caf\u00e9 de l&rsquo;Espace est un lieu de rencontres, de partage et d&rsquo;\u00e9changes o\u00f9 la proximit\u00e9 entre les artistes et les publics fait partie int\u00e9grante de la raison pour laquelle les publics se d\u00e9placent et les artistes aiment se produire chez nous. Nos accordons une grande importance \u00e0 ces temps de rencontres, qui mettent au m\u00eame niveaux publics et intervenants. Cela repr\u00e9sente pour nous l&rsquo;objet de notre association et de la culture populaire, pour et par toustes.<\/p>\n<\/div>\n<\/div>\n<\/div>\n<p align=\"justify\">\n<\/p>\t\t\t\t\t\t\t\t<\/div>\n\t\t\t\t<\/div>\n\t\t\t\t\t<\/div>\n\t\t<\/div>\n\t\t\t\t\t<\/div>\n\t\t<\/section>\n\t\t\t\t<section class=\"elementor-section elementor-top-section elementor-element elementor-element-623a371 elementor-section-boxed elementor-section-height-default elementor-section-height-default\" data-id=\"623a371\" data-element_type=\"section\" data-e-type=\"section\">\n\t\t\t\t\t\t<div class=\"elementor-container elementor-column-gap-default\">\n\t\t\t\t\t<div class=\"elementor-column elementor-col-100 elementor-top-column elementor-element elementor-element-850d704\" data-id=\"850d704\" data-element_type=\"column\" data-e-type=\"column\">\n\t\t\t<div class=\"elementor-widget-wrap elementor-element-populated\">\n\t\t\t\t\t\t<div class=\"elementor-element elementor-element-abc9a37 elementor-widget elementor-widget-text-editor\" data-id=\"abc9a37\" data-element_type=\"widget\" data-e-type=\"widget\" data-widget_type=\"text-editor.default\">\n\t\t\t\t<div class=\"elementor-widget-container\">\n\t\t\t\t\t\t\t\t\t<div data-id=\"cc417e4\" data-element_type=\"widget\" data-widget_type=\"text-editor.default\"><div><div><p align=\"justify\">L\u2019\u00e9quipe du Caf\u00e9 met en place des animations en tentant de r\u00e9pondre au mieux \u00e0 vos envies avec pour ambition de proposer des espaces de rencontres, d\u2019\u00e9changes et de pratiques, sans distinction, tout en valorisant l\u2019engagement b\u00e9n\u00e9vole et les initiatives locales.<\/p><p align=\"justify\">Nos objectifs sont de renforcer les liens sociaux et familiaux, les solidarit\u00e9s de voisinage, ainsi que de coordonner et d\u2019encourager les initiatives favorisant la vie collective et la citoyennet\u00e9.<\/p><\/div><\/div><\/div><p>\u00a0<\/p>\t\t\t\t\t\t\t\t<\/div>\n\t\t\t\t<\/div>\n\t\t\t\t\t<\/div>\n\t\t<\/div>\n\t\t\t\t\t<\/div>\n\t\t<\/section>\n\t\t\t\t<section class=\"elementor-section elementor-top-section elementor-element elementor-element-98ca424 elementor-section-boxed elementor-section-height-default elementor-section-height-default\" data-id=\"98ca424\" data-element_type=\"section\" data-e-type=\"section\">\n\t\t\t\t\t\t<div class=\"elementor-container elementor-column-gap-default\">\n\t\t\t\t\t<div class=\"elementor-column elementor-col-33 elementor-top-column elementor-element elementor-element-37ba29b\" data-id=\"37ba29b\" data-element_type=\"column\" data-e-type=\"column\">\n\t\t\t<div class=\"elementor-widget-wrap elementor-element-populated\">\n\t\t\t\t\t\t<div class=\"elementor-element elementor-element-6271861 elementor-widget elementor-widget-image\" data-id=\"6271861\" data-element_type=\"widget\" data-e-type=\"widget\" data-widget_type=\"image.default\">\n\t\t\t\t<div class=\"elementor-widget-container\">\n\t\t\t\t\t\t\t\t\t\t\t\t<figure class=\"wp-caption\">\n\t\t\t\t\t\t\t\t\t\t<img loading=\"lazy\" decoding=\"async\" width=\"790\" height=\"444\" src=\"https:\/\/cafedelespace.com\/wp-content\/uploads\/2026\/01\/1737643155146-1024x576.jpg\" class=\"attachment-large size-large wp-image-2139\" alt=\"\" srcset=\"https:\/\/cafedelespace.com\/wp-content\/uploads\/2026\/01\/1737643155146-1024x576.jpg 1024w, https:\/\/cafedelespace.com\/wp-content\/uploads\/2026\/01\/1737643155146-300x169.jpg 300w, https:\/\/cafedelespace.com\/wp-content\/uploads\/2026\/01\/1737643155146-768x432.jpg 768w, https:\/\/cafedelespace.com\/wp-content\/uploads\/2026\/01\/1737643155146-1536x864.jpg 1536w, https:\/\/cafedelespace.com\/wp-content\/uploads\/2026\/01\/1737643155146-2048x1152.jpg 2048w, https:\/\/cafedelespace.com\/wp-content\/uploads\/2026\/01\/1737643155146-107x60.jpg 107w\" sizes=\"(max-width: 790px) 100vw, 790px\" \/>\t\t\t\t\t\t\t\t\t\t\t<figcaption class=\"widget-image-caption wp-caption-text\">Blau, par la Cie Ralba<\/figcaption>\n\t\t\t\t\t\t\t\t\t\t<\/figure>\n\t\t\t\t\t\t\t\t\t<\/div>\n\t\t\t\t<\/div>\n\t\t\t\t\t<\/div>\n\t\t<\/div>\n\t\t\t\t<div class=\"elementor-column elementor-col-33 elementor-top-column elementor-element elementor-element-0227858\" data-id=\"0227858\" data-element_type=\"column\" data-e-type=\"column\">\n\t\t\t<div class=\"elementor-widget-wrap elementor-element-populated\">\n\t\t\t\t\t\t<div class=\"elementor-element elementor-element-97d9560 elementor-widget elementor-widget-image\" data-id=\"97d9560\" data-element_type=\"widget\" data-e-type=\"widget\" data-widget_type=\"image.default\">\n\t\t\t\t<div class=\"elementor-widget-container\">\n\t\t\t\t\t\t\t\t\t\t\t\t<figure class=\"wp-caption\">\n\t\t\t\t\t\t\t\t\t\t<img loading=\"lazy\" decoding=\"async\" width=\"300\" height=\"200\" src=\"https:\/\/cafedelespace.com\/wp-content\/uploads\/2026\/01\/1-6-300x200.jpg\" class=\"attachment-medium size-medium wp-image-2138\" alt=\"\" srcset=\"https:\/\/cafedelespace.com\/wp-content\/uploads\/2026\/01\/1-6-300x200.jpg 300w, https:\/\/cafedelespace.com\/wp-content\/uploads\/2026\/01\/1-6-1024x683.jpg 1024w, https:\/\/cafedelespace.com\/wp-content\/uploads\/2026\/01\/1-6-768x512.jpg 768w, https:\/\/cafedelespace.com\/wp-content\/uploads\/2026\/01\/1-6-1536x1024.jpg 1536w, https:\/\/cafedelespace.com\/wp-content\/uploads\/2026\/01\/1-6-2048x1365.jpg 2048w, https:\/\/cafedelespace.com\/wp-content\/uploads\/2026\/01\/1-6-90x60.jpg 90w, https:\/\/cafedelespace.com\/wp-content\/uploads\/2026\/01\/1-6-374x249.jpg 374w\" sizes=\"(max-width: 300px) 100vw, 300px\" \/>\t\t\t\t\t\t\t\t\t\t\t<figcaption class=\"widget-image-caption wp-caption-text\">Carnaval de Flayat<\/figcaption>\n\t\t\t\t\t\t\t\t\t\t<\/figure>\n\t\t\t\t\t\t\t\t\t<\/div>\n\t\t\t\t<\/div>\n\t\t\t\t\t<\/div>\n\t\t<\/div>\n\t\t\t\t<div class=\"elementor-column elementor-col-33 elementor-top-column elementor-element elementor-element-efa51ef\" data-id=\"efa51ef\" data-element_type=\"column\" data-e-type=\"column\">\n\t\t\t<div class=\"elementor-widget-wrap elementor-element-populated\">\n\t\t\t\t\t\t<div class=\"elementor-element elementor-element-ca51c28 elementor-widget elementor-widget-image\" data-id=\"ca51c28\" data-element_type=\"widget\" data-e-type=\"widget\" data-widget_type=\"image.default\">\n\t\t\t\t<div class=\"elementor-widget-container\">\n\t\t\t\t\t\t\t\t\t\t\t\t<figure class=\"wp-caption\">\n\t\t\t\t\t\t\t\t\t\t<img loading=\"lazy\" decoding=\"async\" width=\"790\" height=\"444\" src=\"https:\/\/cafedelespace.com\/wp-content\/uploads\/2026\/01\/1737647603641-1024x576.jpg\" class=\"attachment-large size-large wp-image-2140\" alt=\"\" srcset=\"https:\/\/cafedelespace.com\/wp-content\/uploads\/2026\/01\/1737647603641-1024x576.jpg 1024w, https:\/\/cafedelespace.com\/wp-content\/uploads\/2026\/01\/1737647603641-300x169.jpg 300w, https:\/\/cafedelespace.com\/wp-content\/uploads\/2026\/01\/1737647603641-768x432.jpg 768w, https:\/\/cafedelespace.com\/wp-content\/uploads\/2026\/01\/1737647603641-1536x864.jpg 1536w, https:\/\/cafedelespace.com\/wp-content\/uploads\/2026\/01\/1737647603641-107x60.jpg 107w, https:\/\/cafedelespace.com\/wp-content\/uploads\/2026\/01\/1737647603641.jpg 1600w\" sizes=\"(max-width: 790px) 100vw, 790px\" \/>\t\t\t\t\t\t\t\t\t\t\t<figcaption class=\"widget-image-caption wp-caption-text\">Festival Des Bulles dans L'Espace<\/figcaption>\n\t\t\t\t\t\t\t\t\t\t<\/figure>\n\t\t\t\t\t\t\t\t\t<\/div>\n\t\t\t\t<\/div>\n\t\t\t\t\t<\/div>\n\t\t<\/div>\n\t\t\t\t\t<\/div>\n\t\t<\/section>\n\t\t\t\t<section class=\"elementor-section elementor-top-section elementor-element elementor-element-2028c99 elementor-section-boxed elementor-section-height-default elementor-section-height-default\" data-id=\"2028c99\" data-element_type=\"section\" data-e-type=\"section\">\n\t\t\t\t\t\t<div class=\"elementor-container elementor-column-gap-default\">\n\t\t\t\t\t<div class=\"elementor-column elementor-col-100 elementor-top-column elementor-element elementor-element-640e349\" data-id=\"640e349\" data-element_type=\"column\" data-e-type=\"column\">\n\t\t\t<div class=\"elementor-widget-wrap elementor-element-populated\">\n\t\t\t\t\t\t<div class=\"elementor-element elementor-element-2dbed0d elementor-widget elementor-widget-heading\" data-id=\"2dbed0d\" data-element_type=\"widget\" data-e-type=\"widget\" data-widget_type=\"heading.default\">\n\t\t\t\t<div class=\"elementor-widget-container\">\n\t\t\t\t\t<h2 class=\"elementor-heading-title elementor-size-default\">Les cours de batterie<\/h2>\t\t\t\t<\/div>\n\t\t\t\t<\/div>\n\t\t\t\t\t<\/div>\n\t\t<\/div>\n\t\t\t\t\t<\/div>\n\t\t<\/section>\n\t\t\t\t<section class=\"elementor-section elementor-top-section elementor-element elementor-element-ebe7b7e elementor-section-boxed elementor-section-height-default elementor-section-height-default\" data-id=\"ebe7b7e\" data-element_type=\"section\" data-e-type=\"section\">\n\t\t\t\t\t\t<div class=\"elementor-container elementor-column-gap-default\">\n\t\t\t\t\t<div class=\"elementor-column elementor-col-100 elementor-top-column elementor-element elementor-element-dee029c\" data-id=\"dee029c\" data-element_type=\"column\" data-e-type=\"column\">\n\t\t\t<div class=\"elementor-widget-wrap elementor-element-populated\">\n\t\t\t\t\t\t<div class=\"elementor-element elementor-element-00b1829 elementor-widget elementor-widget-text-editor\" data-id=\"00b1829\" data-element_type=\"widget\" data-e-type=\"widget\" data-widget_type=\"text-editor.default\">\n\t\t\t\t<div class=\"elementor-widget-container\">\n\t\t\t\t\t\t\t\t\t<p>Les cours de batterie se d\u00e9roulent le mercredi avec Camille Ollivier. Venez prendre une heure de cours ouverts \u00e0 tous les \u00e2ges et tous les niveaux. <\/p><p>1h de cours -&gt; 15\u20ac<\/p><p>Contactez Camille au 0622608677<\/p>\t\t\t\t\t\t\t\t<\/div>\n\t\t\t\t<\/div>\n\t\t\t\t\t<\/div>\n\t\t<\/div>\n\t\t\t\t\t<\/div>\n\t\t<\/section>\n\t\t\t\t<section class=\"elementor-section elementor-top-section elementor-element elementor-element-9f59461 elementor-section-boxed elementor-section-height-default elementor-section-height-default\" data-id=\"9f59461\" data-element_type=\"section\" data-e-type=\"section\">\n\t\t\t\t\t\t<div class=\"elementor-container elementor-column-gap-default\">\n\t\t\t\t\t<div class=\"elementor-column elementor-col-100 elementor-top-column elementor-element elementor-element-cc2f428\" data-id=\"cc2f428\" data-element_type=\"column\" data-e-type=\"column\">\n\t\t\t<div class=\"elementor-widget-wrap elementor-element-populated\">\n\t\t\t\t\t\t<div class=\"elementor-element elementor-element-3d4891b elementor-widget elementor-widget-heading\" data-id=\"3d4891b\" data-element_type=\"widget\" data-e-type=\"widget\" data-widget_type=\"heading.default\">\n\t\t\t\t<div class=\"elementor-widget-container\">\n\t\t\t\t\t<h2 class=\"elementor-heading-title elementor-size-default\"><strong><span style=\"color:#011d57\">Club Aiguilles et Compagnie<\/span><\/strong><\/h2>\t\t\t\t<\/div>\n\t\t\t\t<\/div>\n\t\t\t\t\t<\/div>\n\t\t<\/div>\n\t\t\t\t\t<\/div>\n\t\t<\/section>\n\t\t\t\t<section class=\"elementor-section elementor-top-section elementor-element elementor-element-e442e68 elementor-section-boxed elementor-section-height-default elementor-section-height-default\" data-id=\"e442e68\" data-element_type=\"section\" data-e-type=\"section\">\n\t\t\t\t\t\t<div class=\"elementor-container elementor-column-gap-default\">\n\t\t\t\t\t<div class=\"elementor-column elementor-col-100 elementor-top-column elementor-element elementor-element-0fb5210\" data-id=\"0fb5210\" data-element_type=\"column\" data-e-type=\"column\">\n\t\t\t<div class=\"elementor-widget-wrap elementor-element-populated\">\n\t\t\t\t\t\t<div class=\"elementor-element elementor-element-c5b2b9e elementor-widget elementor-widget-text-editor\" data-id=\"c5b2b9e\" data-element_type=\"widget\" data-e-type=\"widget\" data-widget_type=\"text-editor.default\">\n\t\t\t\t<div class=\"elementor-widget-container\">\n\t\t\t\t\t\t\t\t\t<p><span style=\"color: rgba(3,14,68,var(--o42jjq,1));\"><span style=\"font-size: 12px;\">Expert.e des aiguilles, ou d\u00e9butant.e en crochet ? N\u2019h\u00e9site pas \u00e0 rejoindre le club de tricot, couture et crochet qui se r\u00e9unit plusieurs fois par mois! Tu y trouveras une charmante \u00e9quipe qui sera ravie d\u2019\u00e9changer avec toi sur ces sujets, discuter astuces ou simplement partager un th\u00e9 en avan\u00e7ant sur vos projets respectifs.<\/span><\/span><\/p>\t\t\t\t\t\t\t\t<\/div>\n\t\t\t\t<\/div>\n\t\t\t\t\t<\/div>\n\t\t<\/div>\n\t\t\t\t\t<\/div>\n\t\t<\/section>\n\t\t\t\t<\/div>\n\t\t","protected":false},"excerpt":{"rendered":"<p>Lieu hybride en milieu rural, labellis\u00e9 \u00ab Espace de Vie Sociale \u00bb, le Caf\u00e9 de l&rsquo;Espace propose de nombreuses activit\u00e9s socio-culturelles : concerts, spectacles tous publics, ateliers, rencontres, d\u00e9bats, conf\u00e9rences, sc\u00e8nes d\u00e9couvertes, soir\u00e9es th\u00e9matiques. Le caf\u00e9 est identifi\u00e9 comme un lieu de ressources pour les activit\u00e9s, les acteurs et les \u00e9v\u00e9nements qui se d\u00e9roulent sur &hellip; <\/p>\n","protected":false},"author":2,"featured_media":0,"parent":0,"menu_order":0,"comment_status":"closed","ping_status":"closed","template":"","meta":{"footnotes":""},"class_list":["post-57","page","type-page","status-publish","hentry","latest_post"],"yoast_head":"<!-- This site is optimized with the Yoast SEO plugin v27.2 - https:\/\/yoast.com\/product\/yoast-seo-wordpress\/ -->\n<title>Caf\u00e9 Famille &#8212; Le Caf\u00e9 de l&#039;Espace<\/title>\n<meta name=\"robots\" content=\"index, follow, max-snippet:-1, max-image-preview:large, max-video-preview:-1\" \/>\n<link rel=\"canonical\" href=\"https:\/\/cafedelespace.com\/index.php\/cafe-famille\/\" \/>\n<meta property=\"og:locale\" content=\"fr_FR\" \/>\n<meta property=\"og:type\" content=\"article\" \/>\n<meta property=\"og:title\" content=\"Caf\u00e9 Famille &#8212; Le Caf\u00e9 de l&#039;Espace\" \/>\n<meta property=\"og:description\" content=\"Lieu hybride en milieu rural, labellis\u00e9 \u00ab Espace de Vie Sociale \u00bb, le Caf\u00e9 de l&rsquo;Espace propose de nombreuses activit\u00e9s socio-culturelles : concerts, spectacles tous publics, ateliers, rencontres, d\u00e9bats, conf\u00e9rences, sc\u00e8nes d\u00e9couvertes, soir\u00e9es th\u00e9matiques. Le caf\u00e9 est identifi\u00e9 comme un lieu de ressources pour les activit\u00e9s, les acteurs et les \u00e9v\u00e9nements qui se d\u00e9roulent sur &hellip;\" \/>\n<meta property=\"og:url\" content=\"https:\/\/cafedelespace.com\/index.php\/cafe-famille\/\" \/>\n<meta property=\"og:site_name\" content=\"Le Caf\u00e9 de l&#039;Espace\" \/>\n<meta property=\"article:publisher\" content=\"https:\/\/www.facebook.com\/Cafe.de.lEspace\/\" \/>\n<meta property=\"article:modified_time\" content=\"2026-01-07T16:06:12+00:00\" \/>\n<meta property=\"og:image\" content=\"http:\/\/cafedelespace.com\/wp-content\/uploads\/2025\/11\/spectacle-theatre-212x300.png\" \/>\n<meta name=\"twitter:card\" content=\"summary_large_image\" \/>\n<meta name=\"twitter:label1\" content=\"Dur\u00e9e de lecture estim\u00e9e\" \/>\n\t<meta name=\"twitter:data1\" content=\"2 minutes\" \/>\n<script type=\"application\/ld+json\" class=\"yoast-schema-graph\">{\"@context\":\"https:\/\/schema.org\",\"@graph\":[{\"@type\":\"WebPage\",\"@id\":\"https:\/\/cafedelespace.com\/index.php\/cafe-famille\/\",\"url\":\"https:\/\/cafedelespace.com\/index.php\/cafe-famille\/\",\"name\":\"Caf\u00e9 Famille &#8212; Le Caf\u00e9 de l&#039;Espace\",\"isPartOf\":{\"@id\":\"https:\/\/cafedelespace.com\/#website\"},\"primaryImageOfPage\":{\"@id\":\"https:\/\/cafedelespace.com\/index.php\/cafe-famille\/#primaryimage\"},\"image\":{\"@id\":\"https:\/\/cafedelespace.com\/index.php\/cafe-famille\/#primaryimage\"},\"thumbnailUrl\":\"http:\/\/cafedelespace.com\/wp-content\/uploads\/2025\/11\/spectacle-theatre-212x300.png\",\"datePublished\":\"2020-04-14T07:24:32+00:00\",\"dateModified\":\"2026-01-07T16:06:12+00:00\",\"breadcrumb\":{\"@id\":\"https:\/\/cafedelespace.com\/index.php\/cafe-famille\/#breadcrumb\"},\"inLanguage\":\"fr-FR\",\"potentialAction\":[{\"@type\":\"ReadAction\",\"target\":[\"https:\/\/cafedelespace.com\/index.php\/cafe-famille\/\"]}]},{\"@type\":\"ImageObject\",\"inLanguage\":\"fr-FR\",\"@id\":\"https:\/\/cafedelespace.com\/index.php\/cafe-famille\/#primaryimage\",\"url\":\"https:\/\/cafedelespace.com\/wp-content\/uploads\/2025\/11\/spectacle-theatre.png\",\"contentUrl\":\"https:\/\/cafedelespace.com\/wp-content\/uploads\/2025\/11\/spectacle-theatre.png\",\"width\":1414,\"height\":2000},{\"@type\":\"BreadcrumbList\",\"@id\":\"https:\/\/cafedelespace.com\/index.php\/cafe-famille\/#breadcrumb\",\"itemListElement\":[{\"@type\":\"ListItem\",\"position\":1,\"name\":\"Accueil\",\"item\":\"https:\/\/cafedelespace.com\/\"},{\"@type\":\"ListItem\",\"position\":2,\"name\":\"Caf\u00e9 Famille\"}]},{\"@type\":\"WebSite\",\"@id\":\"https:\/\/cafedelespace.com\/#website\",\"url\":\"https:\/\/cafedelespace.com\/\",\"name\":\"Le Caf\u00e9 de l Espace - Espace Associatif Alain Fauriaux\",\"description\":\"Espace Associatif Alain Fauriaux\",\"publisher\":{\"@id\":\"https:\/\/cafedelespace.com\/#organization\"},\"potentialAction\":[{\"@type\":\"SearchAction\",\"target\":{\"@type\":\"EntryPoint\",\"urlTemplate\":\"https:\/\/cafedelespace.com\/?s={search_term_string}\"},\"query-input\":{\"@type\":\"PropertyValueSpecification\",\"valueRequired\":true,\"valueName\":\"search_term_string\"}}],\"inLanguage\":\"fr-FR\"},{\"@type\":\"Organization\",\"@id\":\"https:\/\/cafedelespace.com\/#organization\",\"name\":\"Caf\u00e9 de l'Espace\",\"url\":\"https:\/\/cafedelespace.com\/\",\"logo\":{\"@type\":\"ImageObject\",\"inLanguage\":\"fr-FR\",\"@id\":\"https:\/\/cafedelespace.com\/#\/schema\/logo\/image\/\",\"url\":\"https:\/\/cafedelespace.com\/wp-content\/uploads\/2020\/04\/logo-peinture.png\",\"contentUrl\":\"https:\/\/cafedelespace.com\/wp-content\/uploads\/2020\/04\/logo-peinture.png\",\"width\":500,\"height\":500,\"caption\":\"Caf\u00e9 de l'Espace\"},\"image\":{\"@id\":\"https:\/\/cafedelespace.com\/#\/schema\/logo\/image\/\"},\"sameAs\":[\"https:\/\/www.facebook.com\/Cafe.de.lEspace\/\"]}]}<\/script>\n<!-- \/ Yoast SEO plugin. -->","yoast_head_json":{"title":"Caf\u00e9 Famille &#8212; Le Caf\u00e9 de l&#039;Espace","robots":{"index":"index","follow":"follow","max-snippet":"max-snippet:-1","max-image-preview":"max-image-preview:large","max-video-preview":"max-video-preview:-1"},"canonical":"https:\/\/cafedelespace.com\/index.php\/cafe-famille\/","og_locale":"fr_FR","og_type":"article","og_title":"Caf\u00e9 Famille &#8212; Le Caf\u00e9 de l&#039;Espace","og_description":"Lieu hybride en milieu rural, labellis\u00e9 \u00ab Espace de Vie Sociale \u00bb, le Caf\u00e9 de l&rsquo;Espace propose de nombreuses activit\u00e9s socio-culturelles : concerts, spectacles tous publics, ateliers, rencontres, d\u00e9bats, conf\u00e9rences, sc\u00e8nes d\u00e9couvertes, soir\u00e9es th\u00e9matiques. Le caf\u00e9 est identifi\u00e9 comme un lieu de ressources pour les activit\u00e9s, les acteurs et les \u00e9v\u00e9nements qui se d\u00e9roulent sur &hellip;","og_url":"https:\/\/cafedelespace.com\/index.php\/cafe-famille\/","og_site_name":"Le Caf\u00e9 de l&#039;Espace","article_publisher":"https:\/\/www.facebook.com\/Cafe.de.lEspace\/","article_modified_time":"2026-01-07T16:06:12+00:00","og_image":[{"url":"http:\/\/cafedelespace.com\/wp-content\/uploads\/2025\/11\/spectacle-theatre-212x300.png","type":"","width":"","height":""}],"twitter_card":"summary_large_image","twitter_misc":{"Dur\u00e9e de lecture estim\u00e9e":"2 minutes"},"schema":{"@context":"https:\/\/schema.org","@graph":[{"@type":"WebPage","@id":"https:\/\/cafedelespace.com\/index.php\/cafe-famille\/","url":"https:\/\/cafedelespace.com\/index.php\/cafe-famille\/","name":"Caf\u00e9 Famille &#8212; Le Caf\u00e9 de l&#039;Espace","isPartOf":{"@id":"https:\/\/cafedelespace.com\/#website"},"primaryImageOfPage":{"@id":"https:\/\/cafedelespace.com\/index.php\/cafe-famille\/#primaryimage"},"image":{"@id":"https:\/\/cafedelespace.com\/index.php\/cafe-famille\/#primaryimage"},"thumbnailUrl":"http:\/\/cafedelespace.com\/wp-content\/uploads\/2025\/11\/spectacle-theatre-212x300.png","datePublished":"2020-04-14T07:24:32+00:00","dateModified":"2026-01-07T16:06:12+00:00","breadcrumb":{"@id":"https:\/\/cafedelespace.com\/index.php\/cafe-famille\/#breadcrumb"},"inLanguage":"fr-FR","potentialAction":[{"@type":"ReadAction","target":["https:\/\/cafedelespace.com\/index.php\/cafe-famille\/"]}]},{"@type":"ImageObject","inLanguage":"fr-FR","@id":"https:\/\/cafedelespace.com\/index.php\/cafe-famille\/#primaryimage","url":"https:\/\/cafedelespace.com\/wp-content\/uploads\/2025\/11\/spectacle-theatre.png","contentUrl":"https:\/\/cafedelespace.com\/wp-content\/uploads\/2025\/11\/spectacle-theatre.png","width":1414,"height":2000},{"@type":"BreadcrumbList","@id":"https:\/\/cafedelespace.com\/index.php\/cafe-famille\/#breadcrumb","itemListElement":[{"@type":"ListItem","position":1,"name":"Accueil","item":"https:\/\/cafedelespace.com\/"},{"@type":"ListItem","position":2,"name":"Caf\u00e9 Famille"}]},{"@type":"WebSite","@id":"https:\/\/cafedelespace.com\/#website","url":"https:\/\/cafedelespace.com\/","name":"Le Caf\u00e9 de l Espace - Espace Associatif Alain Fauriaux","description":"Espace Associatif Alain Fauriaux","publisher":{"@id":"https:\/\/cafedelespace.com\/#organization"},"potentialAction":[{"@type":"SearchAction","target":{"@type":"EntryPoint","urlTemplate":"https:\/\/cafedelespace.com\/?s={search_term_string}"},"query-input":{"@type":"PropertyValueSpecification","valueRequired":true,"valueName":"search_term_string"}}],"inLanguage":"fr-FR"},{"@type":"Organization","@id":"https:\/\/cafedelespace.com\/#organization","name":"Caf\u00e9 de l'Espace","url":"https:\/\/cafedelespace.com\/","logo":{"@type":"ImageObject","inLanguage":"fr-FR","@id":"https:\/\/cafedelespace.com\/#\/schema\/logo\/image\/","url":"https:\/\/cafedelespace.com\/wp-content\/uploads\/2020\/04\/logo-peinture.png","contentUrl":"https:\/\/cafedelespace.com\/wp-content\/uploads\/2020\/04\/logo-peinture.png","width":500,"height":500,"caption":"Caf\u00e9 de l'Espace"},"image":{"@id":"https:\/\/cafedelespace.com\/#\/schema\/logo\/image\/"},"sameAs":["https:\/\/www.facebook.com\/Cafe.de.lEspace\/"]}]}},"_links":{"self":[{"href":"https:\/\/cafedelespace.com\/index.php\/wp-json\/wp\/v2\/pages\/57","targetHints":{"allow":["GET"]}}],"collection":[{"href":"https:\/\/cafedelespace.com\/index.php\/wp-json\/wp\/v2\/pages"}],"about":[{"href":"https:\/\/cafedelespace.com\/index.php\/wp-json\/wp\/v2\/types\/page"}],"author":[{"embeddable":true,"href":"https:\/\/cafedelespace.com\/index.php\/wp-json\/wp\/v2\/users\/2"}],"replies":[{"embeddable":true,"href":"https:\/\/cafedelespace.com\/index.php\/wp-json\/wp\/v2\/comments?post=57"}],"version-history":[{"count":66,"href":"https:\/\/cafedelespace.com\/index.php\/wp-json\/wp\/v2\/pages\/57\/revisions"}],"predecessor-version":[{"id":2149,"href":"https:\/\/cafedelespace.com\/index.php\/wp-json\/wp\/v2\/pages\/57\/revisions\/2149"}],"wp:attachment":[{"href":"https:\/\/cafedelespace.com\/index.php\/wp-json\/wp\/v2\/media?parent=57"}],"curies":[{"name":"wp","href":"https:\/\/api.w.org\/{rel}","templated":true}]}}