{"version":"1.0","provider_name":"Le Caf\u00e9 de l&#039;Espace","provider_url":"https:\/\/cafedelespace.com","author_name":"animation","author_url":"https:\/\/cafedelespace.com\/index.php\/author\/animation\/","title":"Atelier instruments de musique - 11 f\u00e9vrier &#8212; Le Caf\u00e9 de l&#039;Espace","type":"rich","width":600,"height":338,"html":"<blockquote class=\"wp-embedded-content\" data-secret=\"F9z9xxgR4P\"><a href=\"https:\/\/cafedelespace.com\/index.php\/2026\/01\/21\/atelier-instruments-de-musique-11-fevrier\/\">Atelier instruments de musique &#8211; 11 f\u00e9vrier<\/a><\/blockquote><iframe sandbox=\"allow-scripts\" security=\"restricted\" src=\"https:\/\/cafedelespace.com\/index.php\/2026\/01\/21\/atelier-instruments-de-musique-11-fevrier\/embed\/#?secret=F9z9xxgR4P\" width=\"600\" height=\"338\" title=\"\u00ab\u00a0Atelier instruments de musique &#8211; 11 f\u00e9vrier\u00a0\u00bb &#8212; Le Caf\u00e9 de l&#039;Espace\" data-secret=\"F9z9xxgR4P\" frameborder=\"0\" marginwidth=\"0\" marginheight=\"0\" scrolling=\"no\" class=\"wp-embedded-content\"><\/iframe><script type=\"text\/javascript\">\n\/* <![CDATA[ *\/\n\/*! This file is auto-generated *\/\n!function(d,l){\"use strict\";l.querySelector&&d.addEventListener&&\"undefined\"!=typeof URL&&(d.wp=d.wp||{},d.wp.receiveEmbedMessage||(d.wp.receiveEmbedMessage=function(e){var t=e.data;if((t||t.secret||t.message||t.value)&&!\/[^a-zA-Z0-9]\/.test(t.secret)){for(var s,r,n,a=l.querySelectorAll('iframe[data-secret=\"'+t.secret+'\"]'),o=l.querySelectorAll('blockquote[data-secret=\"'+t.secret+'\"]'),c=new RegExp(\"^https?:$\",\"i\"),i=0;i<o.length;i++)o[i].style.display=\"none\";for(i=0;i<a.length;i++)s=a[i],e.source===s.contentWindow&&(s.removeAttribute(\"style\"),\"height\"===t.message?(1e3<(r=parseInt(t.value,10))?r=1e3:~~r<200&&(r=200),s.height=r):\"link\"===t.message&&(r=new URL(s.getAttribute(\"src\")),n=new URL(t.value),c.test(n.protocol))&&n.host===r.host&&l.activeElement===s&&(d.top.location.href=t.value))}},d.addEventListener(\"message\",d.wp.receiveEmbedMessage,!1),l.addEventListener(\"DOMContentLoaded\",function(){for(var e,t,s=l.querySelectorAll(\"iframe.wp-embedded-content\"),r=0;r<s.length;r++)(t=(e=s[r]).getAttribute(\"data-secret\"))||(t=Math.random().toString(36).substring(2,12),e.src+=\"#?secret=\"+t,e.setAttribute(\"data-secret\",t)),e.contentWindow.postMessage({message:\"ready\",secret:t},\"*\")},!1)))}(window,document);\n\/\/# sourceURL=https:\/\/cafedelespace.com\/wp-includes\/js\/wp-embed.min.js\n\/* ]]> *\/\n<\/script>\n","thumbnail_url":"https:\/\/cafedelespace.com\/wp-content\/uploads\/2026\/01\/atelier-musique-carnaval1-724x1024.png","thumbnail_width":724,"thumbnail_height":1024,"description":"Venez faire vibrer le carnaval ! Percussions et rythmes endiabl\u00e9s vous attendent pour un atelier musique plein d\u2019\u00e9nergie et de bonne humeur. Ensemble, cr\u00e9ons une ambiance festive, color\u00e9e et joyeuse\u2026 et faisons danser le carnaval au son de nos instruments ! Go\u00fbter \u00e0 l&rsquo;issue de l&rsquo;atelier, tout public \u00e0 partir de 3 ans, prix libre &hellip;"}