{"version":"1.0","provider_name":"Le Caf\u00e9 de l&#039;Espace","provider_url":"https:\/\/cafedelespace.com","author_name":"animation","author_url":"https:\/\/cafedelespace.com\/index.php\/author\/animation\/","title":"Atelier cuisine en famille - 26 novembre &#8212; Le Caf\u00e9 de l&#039;Espace","type":"rich","width":600,"height":338,"html":"<blockquote class=\"wp-embedded-content\" data-secret=\"AOHsEafTVZ\"><a href=\"https:\/\/cafedelespace.com\/index.php\/2025\/11\/19\/atelier-cuisine-en-famille-26-novembre\/\">Atelier cuisine en famille &#8211; 26 novembre<\/a><\/blockquote><iframe sandbox=\"allow-scripts\" security=\"restricted\" src=\"https:\/\/cafedelespace.com\/index.php\/2025\/11\/19\/atelier-cuisine-en-famille-26-novembre\/embed\/#?secret=AOHsEafTVZ\" width=\"600\" height=\"338\" title=\"\u00ab\u00a0Atelier cuisine en famille &#8211; 26 novembre\u00a0\u00bb &#8212; Le Caf\u00e9 de l&#039;Espace\" data-secret=\"AOHsEafTVZ\" frameborder=\"0\" marginwidth=\"0\" marginheight=\"0\" scrolling=\"no\" class=\"wp-embedded-content\"><\/iframe><script type=\"text\/javascript\">\n\/* <![CDATA[ *\/\n\/*! This file is auto-generated *\/\n!function(d,l){\"use strict\";l.querySelector&&d.addEventListener&&\"undefined\"!=typeof URL&&(d.wp=d.wp||{},d.wp.receiveEmbedMessage||(d.wp.receiveEmbedMessage=function(e){var t=e.data;if((t||t.secret||t.message||t.value)&&!\/[^a-zA-Z0-9]\/.test(t.secret)){for(var s,r,n,a=l.querySelectorAll('iframe[data-secret=\"'+t.secret+'\"]'),o=l.querySelectorAll('blockquote[data-secret=\"'+t.secret+'\"]'),c=new RegExp(\"^https?:$\",\"i\"),i=0;i<o.length;i++)o[i].style.display=\"none\";for(i=0;i<a.length;i++)s=a[i],e.source===s.contentWindow&&(s.removeAttribute(\"style\"),\"height\"===t.message?(1e3<(r=parseInt(t.value,10))?r=1e3:~~r<200&&(r=200),s.height=r):\"link\"===t.message&&(r=new URL(s.getAttribute(\"src\")),n=new URL(t.value),c.test(n.protocol))&&n.host===r.host&&l.activeElement===s&&(d.top.location.href=t.value))}},d.addEventListener(\"message\",d.wp.receiveEmbedMessage,!1),l.addEventListener(\"DOMContentLoaded\",function(){for(var e,t,s=l.querySelectorAll(\"iframe.wp-embedded-content\"),r=0;r<s.length;r++)(t=(e=s[r]).getAttribute(\"data-secret\"))||(t=Math.random().toString(36).substring(2,12),e.src+=\"#?secret=\"+t,e.setAttribute(\"data-secret\",t)),e.contentWindow.postMessage({message:\"ready\",secret:t},\"*\")},!1)))}(window,document);\n\/\/# sourceURL=https:\/\/cafedelespace.com\/wp-includes\/js\/wp-embed.min.js\n\/* ]]> *\/\n<\/script>\n","thumbnail_url":"https:\/\/cafedelespace.com\/wp-content\/uploads\/2025\/11\/atelier-cuisine-724x1024.png","thumbnail_width":724,"thumbnail_height":1024,"description":"Mercredi 26 novembre \u00e0 10h Atelier cuisine en famille avec le cabinet m\u00e9dical de Crocq et une di\u00e9t\u00e9ticienne Venez participer \u00e0 un atelier cuisine en partenariat avec la maison de sant\u00e9 de Crocq et une di\u00e9t\u00e9ticienne ! L\u2019atelier se d\u00e9roulera en deux temps : nous parlerons d\u2019abord astuces et solutions pour cuisiner de mani\u00e8re \u00e9quilibr\u00e9e, &hellip;"}